{"id":1015,"date":"2019-06-03T20:21:24","date_gmt":"2019-06-04T01:21:24","guid":{"rendered":"https:\/\/www.aciamericas.coop\/xxiconferencia\/?page_id=1015"},"modified":"2019-11-12T18:41:24","modified_gmt":"2019-11-12T23:41:24","slug":"programa","status":"publish","type":"page","link":"https:\/\/www.aciamericas.coop\/xxiconferencia\/programa\/","title":{"rendered":"Actividades de la Conferencia"},"content":{"rendered":"<div  class=\"ppb_session_tab one withsmallpadding \" >\n<div class=\"standard_wrapper\">\n<div style=\"margin:auto;width:100%\">\n<ul id=\"session_filter_1573602084723463916\" class=\"session_filters\">\n<li>\n\t\t\t    <a class=\"themelink active\" href=\"javascript:;\" data-filter=\"\" title=\"Todos\">Todos<\/a>\n\t\t\t<\/li>\n<li>\n\t\t\t\t\t<a class=\"themelink\" href=\"javascript:;\" data-filter=\"conferencia-regional\" title=\"Conferencia Regional\">Conferencia Regional<\/a>\n\t\t\t\t<\/li>\n<li>\n\t\t\t\t\t<a class=\"themelink\" href=\"javascript:;\" data-filter=\"xxi-congreso\" title=\"Congreso continental de derecho cooperativo\">Congreso continental de derecho cooperativo<\/a>\n\t\t\t\t<\/li>\n<li>\n\t\t\t\t\t<a class=\"themelink\" href=\"javascript:;\" data-filter=\"union-europea\" title=\"Uni\u00f3n Europea\">Uni\u00f3n Europea<\/a>\n\t\t\t\t<\/li>\n<\/ul>\n<p><a href=\"javascript:;\" class=\"themelink session_expand_all do_expand themeborder\" id=\"session_expand_1573602084723463916\">Expandir todo +<\/a><\/p>\n<div id=\"1573602084723463916\">\n<ul class=\"scheduleday_wrapper tab\">\n<li data-tab=\"jueves\" class=\"scheduleday_title active\">\n<div class=\"scheduleday_title_content\">\n<h4 style=\"color:;\">Jueves<\/h4>\n<div class=\"scheduleday_desc\" style=\"color:;\">21 de noviembre<\/div>\n<\/div>\n<p><br class=\"clear\"\/><\/li>\n<li data-tab=\"lunes\" class=\"scheduleday_title \">\n<div class=\"scheduleday_title_content\">\n<h4 style=\"color:;\">Lunes<\/h4>\n<div class=\"scheduleday_desc\" style=\"color:;\">18 de noviembre<\/div>\n<\/div>\n<p><br class=\"clear\"\/><\/li>\n<li data-tab=\"martes\" class=\"scheduleday_title \">\n<div class=\"scheduleday_title_content\">\n<h4 style=\"color:;\">Martes<\/h4>\n<div class=\"scheduleday_desc\" style=\"color:;\">19 de noviembre<\/div>\n<\/div>\n<p><br class=\"clear\"\/><\/li>\n<li data-tab=\"miercoles\" class=\"scheduleday_title \">\n<div class=\"scheduleday_title_content\">\n<h4 style=\"color:;\">Mi\u00e9rcoles<\/h4>\n<div class=\"scheduleday_desc\" style=\"color:;\">20 de noviembre<\/div>\n<\/div>\n<p><br class=\"clear\"\/><\/li>\n<li data-tab=\"viernes\" class=\"scheduleday_title \">\n<div class=\"scheduleday_title_content\">\n<h4 style=\"color:;\">Viernes<\/h4>\n<div class=\"scheduleday_desc\" style=\"color:;\">22 de noviembre<\/div>\n<\/div>\n<p><br class=\"clear\"\/><\/li>\n<\/ul>\n<ul id=\"jueves\" class=\"scheduleday_wrapper themeborder tab_content\">\n<li class=\"themeborder conferencia-regional \">\n<div class=\"session_content_wrapper expandable\" data-expandid=\"excerpt_1129\">\n<div class=\"session_speaker_thumb\"><img decoding=\"async\" src=\"https:\/\/www.aciamericas.coop\/xxiconferencia\/wp-content\/uploads\/2019\/05\/XXI-Conferencia-regional-logo-031-150x150.png\" alt=\"XXI Conferencia Regional\"\/><\/div>\n<div class=\"session_content has_speaker_thumb\">\n<div class=\"session_start_time\">07:00<\/div>\n<div class=\"session_title\">\n<h6>No hay actividad este d\u00eda<\/h6>\n<\/div>\n<div class=\"session_speakers\">Por&nbsp;<strong><a href=\"https:\/\/www.aciamericas.coop\/xxiconferencia\/speaker\/xxi-conferencia-regional\/\">XXI Conferencia Regional<\/a><\/strong>&nbsp;XXI Conferencia Regional<\/div>\n<\/div>\n<p><br class=\"clear\"\/><\/div>\n<div id=\"excerpt_1129\" class=\"session_content_extend hide session_content_wrapper\">\n<div class=\"session_content has_speaker_thumb\">\n<div class=\"session_start_time\">07:00&nbsp;&#8211;&nbsp;22:00<\/div>\n<div class=\"session_title_list\"><span class=\"ti-bookmark\"><\/span><\/p>\n<div class=\"session_title_item\">Conferencia Regional<\/div>\n<\/div>\n<\/div>\n<p><br class=\"clear\"\/><\/div>\n<\/li>\n<li class=\"themeborder xxi-congreso \">\n<div class=\"session_content_wrapper expandable\" data-expandid=\"excerpt_1033\">\n<div class=\"session_speaker_thumb\"><img decoding=\"async\" src=\"https:\/\/www.aciamericas.coop\/xxiconferencia\/wp-content\/uploads\/2019\/05\/logocongreso-150x150.png\" alt=\"Congreso Continental\"\/><\/div>\n<div class=\"session_content has_speaker_thumb\">\n<div class=\"session_start_time\">09:00<\/div>\n<div class=\"session_title\">\n<h6>Instalaci\u00f3n del Congreso<\/h6>\n<\/div>\n<div class=\"session_speakers\">Por&nbsp;<strong><a href=\"https:\/\/www.aciamericas.coop\/xxiconferencia\/speaker\/congreso-continental\/\">Congreso Continental<\/a><\/strong>&nbsp;Congreso continental<\/div>\n<\/div>\n<p><br class=\"clear\"\/><\/div>\n<div id=\"excerpt_1033\" class=\"session_content_extend hide session_content_wrapper\">\n<div class=\"session_content has_speaker_thumb\">\n<div class=\"session_start_time\">09:00&nbsp;&#8211;&nbsp;09:15<\/div>\n<div class=\"session_title_list\"><span class=\"ti-bookmark\"><\/span><\/p>\n<div class=\"session_title_item\">Congreso continental de derecho cooperativo<\/div>\n<\/div>\n<div class=\"session_location themeborder\">\n<div class=\"session_location_label skin_color\">Where<\/div>\n<div class=\"session_location_content\">Edificio cooperativo<\/div>\n<\/div>\n<\/div>\n<p><br class=\"clear\"\/><\/div>\n<\/li>\n<li class=\"themeborder xxi-congreso \">\n<div class=\"session_content_wrapper expandable\" data-expandid=\"excerpt_1547\">\n<div class=\"session_speaker_thumb\"><img decoding=\"async\" src=\"https:\/\/www.aciamericas.coop\/xxiconferencia\/wp-content\/uploads\/2019\/05\/logocongreso-150x150.png\" alt=\"Congreso Continental\"\/><\/div>\n<div class=\"session_content has_speaker_thumb\">\n<div class=\"session_start_time\">10:15<\/div>\n<div class=\"session_title\">\n<h6>Conferencia del Catedr\u00e1tico de Derecho Mercantil Universidad  de Almer\u00eda, Carlos Vargas Vasserot: &#8220;La recepci\u00f3n del acto cooperativo  en el derecho espa\u00f1ol&#8221;<\/h6>\n<\/div>\n<div class=\"session_speakers\">Por&nbsp;<strong><a href=\"https:\/\/www.aciamericas.coop\/xxiconferencia\/speaker\/congreso-continental\/\">Congreso Continental<\/a><\/strong>&nbsp;Congreso continental<\/div>\n<\/div>\n<p><br class=\"clear\"\/><\/div>\n<div id=\"excerpt_1547\" class=\"session_content_extend hide session_content_wrapper\">\n<div class=\"session_content has_speaker_thumb\">\n<div class=\"session_start_time\">10:15&nbsp;&#8211;&nbsp;11:00<\/div>\n<div class=\"session_title_list\"><span class=\"ti-bookmark\"><\/span><\/p>\n<div class=\"session_title_item\">Congreso continental de derecho cooperativo<\/div>\n<\/div>\n<div class=\"session_location themeborder\">\n<div class=\"session_location_label skin_color\">Where<\/div>\n<div class=\"session_location_content\">Colegio de Abogados<\/div>\n<\/div>\n<\/div>\n<p><br class=\"clear\"\/><\/div>\n<\/li>\n<li class=\"themeborder xxi-congreso \">\n<div class=\"session_content_wrapper expandable\" data-expandid=\"excerpt_1545\">\n<div class=\"session_speaker_thumb\"><img decoding=\"async\" src=\"https:\/\/www.aciamericas.coop\/xxiconferencia\/wp-content\/uploads\/2019\/05\/logocongreso-150x150.png\" alt=\"Congreso Continental\"\/><\/div>\n<div class=\"session_content has_speaker_thumb\">\n<div class=\"session_start_time\">09:15<\/div>\n<div class=\"session_title\">\n<h6>Informes de los encuentros preparatorios nacionales<\/h6>\n<\/div>\n<div class=\"session_speakers\">Por&nbsp;<strong><a href=\"https:\/\/www.aciamericas.coop\/xxiconferencia\/speaker\/congreso-continental\/\">Congreso Continental<\/a><\/strong>&nbsp;Congreso continental<\/div>\n<\/div>\n<p><br class=\"clear\"\/><\/div>\n<div id=\"excerpt_1545\" class=\"session_content_extend hide session_content_wrapper\">\n<div class=\"session_content has_speaker_thumb\">\n<div class=\"session_start_time\">09:15&nbsp;&#8211;&nbsp;10:15<\/div>\n<div class=\"session_title_list\"><span class=\"ti-bookmark\"><\/span><\/p>\n<div class=\"session_title_item\">Congreso continental de derecho cooperativo<\/div>\n<\/div>\n<div class=\"session_location themeborder\">\n<div class=\"session_location_label skin_color\">Where<\/div>\n<div class=\"session_location_content\">Colegio de Abogados<\/div>\n<\/div>\n<\/div>\n<p><br class=\"clear\"\/><\/div>\n<\/li>\n<li class=\"themeborder xxi-congreso \">\n<div class=\"session_content_wrapper expandable\" data-expandid=\"excerpt_273\">\n<div class=\"session_speaker_thumb\"><img decoding=\"async\" src=\"https:\/\/www.aciamericas.coop\/xxiconferencia\/wp-content\/uploads\/2019\/05\/logocongreso-150x150.png\" alt=\"Congreso Continental\"\/><\/div>\n<div class=\"session_content has_speaker_thumb\">\n<div class=\"session_start_time\">11:00<\/div>\n<div class=\"session_title\">\n<h6>Caf\u00e9<\/h6>\n<\/div>\n<div class=\"session_speakers\">Por&nbsp;<strong><a href=\"https:\/\/www.aciamericas.coop\/xxiconferencia\/speaker\/congreso-continental\/\">Congreso Continental<\/a><\/strong>&nbsp;Congreso continental<\/div>\n<\/div>\n<p><br class=\"clear\"\/><\/div>\n<div id=\"excerpt_273\" class=\"session_content_extend hide session_content_wrapper\">\n<div class=\"session_content has_speaker_thumb\">\n<div class=\"session_start_time\">11:00&nbsp;&#8211;&nbsp;11:30<\/div>\n<div class=\"session_title_list\"><span class=\"ti-bookmark\"><\/span><\/p>\n<div class=\"session_title_item\">Congreso continental de derecho cooperativo<\/div>\n<\/div>\n<div class=\"session_location themeborder\">\n<div class=\"session_location_label skin_color\">Where<\/div>\n<div class=\"session_location_content\">Colegio de Abogados<\/div>\n<\/div>\n<\/div>\n<p><br class=\"clear\"\/><\/div>\n<\/li>\n<li class=\"themeborder xxi-congreso \">\n<div class=\"session_content_wrapper expandable\" data-expandid=\"excerpt_254\">\n<div class=\"session_speaker_thumb\"><img decoding=\"async\" src=\"https:\/\/www.aciamericas.coop\/xxiconferencia\/wp-content\/uploads\/2019\/05\/logocongreso-150x150.png\" alt=\"Congreso Continental\"\/><\/div>\n<div class=\"session_content has_speaker_thumb\">\n<div class=\"session_start_time\">11:30<\/div>\n<div class=\"session_title\">\n<h6>Conferencia de la Vicepresidente de la Asociaci\u00f3n Internacional de Derecho Cooperativo, Eba Gaminde Egia: &#8220;El buen gobierno corporativo: problem\u00e1tica especial en las cooperativas&#8221;<\/h6>\n<\/div>\n<div class=\"session_speakers\">Por&nbsp;<strong><a href=\"https:\/\/www.aciamericas.coop\/xxiconferencia\/speaker\/congreso-continental\/\">Congreso Continental<\/a><\/strong>&nbsp;Congreso continental<\/div>\n<\/div>\n<p><br class=\"clear\"\/><\/div>\n<div id=\"excerpt_254\" class=\"session_content_extend hide session_content_wrapper\">\n<div class=\"session_content has_speaker_thumb\">\n<div class=\"session_start_time\">11:30&nbsp;&#8211;&nbsp;12:15<\/div>\n<div class=\"session_title_list\"><span class=\"ti-bookmark\"><\/span><\/p>\n<div class=\"session_title_item\">Congreso continental de derecho cooperativo<\/div>\n<\/div>\n<div class=\"session_location themeborder\">\n<div class=\"session_location_label skin_color\">Where<\/div>\n<div class=\"session_location_content\">Colegio de Abogados<\/div>\n<\/div>\n<\/div>\n<p><br class=\"clear\"\/><\/div>\n<\/li>\n<li class=\"themeborder xxi-congreso \">\n<div class=\"session_content_wrapper expandable\" data-expandid=\"excerpt_251\">\n<div class=\"session_speaker_thumb\"><img decoding=\"async\" src=\"https:\/\/www.aciamericas.coop\/xxiconferencia\/wp-content\/uploads\/2019\/05\/logocongreso-150x150.png\" alt=\"Congreso Continental\"\/><\/div>\n<div class=\"session_content has_speaker_thumb\">\n<div class=\"session_start_time\">12:30<\/div>\n<div class=\"session_title\">\n<h6>Almuerzo<\/h6>\n<\/div>\n<div class=\"session_speakers\">Por&nbsp;<strong><a href=\"https:\/\/www.aciamericas.coop\/xxiconferencia\/speaker\/congreso-continental\/\">Congreso Continental<\/a><\/strong>&nbsp;Congreso continental<\/div>\n<\/div>\n<p><br class=\"clear\"\/><\/div>\n<div id=\"excerpt_251\" class=\"session_content_extend hide session_content_wrapper\">\n<div class=\"session_content has_speaker_thumb\">\n<div class=\"session_start_time\">12:30&nbsp;&#8211;&nbsp;14:00<\/div>\n<div class=\"session_title_list\"><span class=\"ti-bookmark\"><\/span><\/p>\n<div class=\"session_title_item\">Congreso continental de derecho cooperativo<\/div>\n<\/div>\n<div class=\"session_location themeborder\">\n<div class=\"session_location_label skin_color\">Where<\/div>\n<div class=\"session_location_content\">Colegio de Abogados<\/div>\n<\/div>\n<\/div>\n<p><br class=\"clear\"\/><\/div>\n<\/li>\n<li class=\"themeborder xxi-congreso \">\n<div class=\"session_content_wrapper expandable\" data-expandid=\"excerpt_250\">\n<div class=\"session_speaker_thumb\"><img decoding=\"async\" src=\"https:\/\/www.aciamericas.coop\/xxiconferencia\/wp-content\/uploads\/2019\/05\/logocongreso-150x150.png\" alt=\"Congreso Continental\"\/><\/div>\n<div class=\"session_content has_speaker_thumb\">\n<div class=\"session_start_time\">14:30<\/div>\n<div class=\"session_title\">\n<h6>Trabajo de comisiones<\/h6>\n<\/div>\n<div class=\"session_speakers\">Por&nbsp;<strong><a href=\"https:\/\/www.aciamericas.coop\/xxiconferencia\/speaker\/congreso-continental\/\">Congreso Continental<\/a><\/strong>&nbsp;Congreso continental<\/div>\n<\/div>\n<p><br class=\"clear\"\/><\/div>\n<div id=\"excerpt_250\" class=\"session_content_extend hide session_content_wrapper\">\n<div class=\"session_content has_speaker_thumb\">\n<div class=\"session_start_time\">14:30&nbsp;&#8211;&nbsp;17:30<\/div>\n<div class=\"session_title_list\"><span class=\"ti-bookmark\"><\/span><\/p>\n<div class=\"session_title_item\">Congreso continental de derecho cooperativo<\/div>\n<\/div>\n<div class=\"session_location themeborder\">\n<div class=\"session_location_label skin_color\">Where<\/div>\n<div class=\"session_location_content\">Colegio de Abogados<\/div>\n<\/div>\n<\/div>\n<p><br class=\"clear\"\/><\/div>\n<\/li>\n<li class=\"themeborder xxi-congreso \">\n<div class=\"session_content_wrapper expandable\" data-expandid=\"excerpt_1071\">\n<div class=\"session_speaker_thumb\"><img decoding=\"async\" src=\"https:\/\/www.aciamericas.coop\/xxiconferencia\/wp-content\/uploads\/2019\/05\/logocongreso-150x150.png\" alt=\"Congreso Continental\"\/><\/div>\n<div class=\"session_content has_speaker_thumb\">\n<div class=\"session_start_time\">17:30<\/div>\n<div class=\"session_title\">\n<h6>Caf\u00e9<\/h6>\n<\/div>\n<div class=\"session_speakers\">Por&nbsp;<strong><a href=\"https:\/\/www.aciamericas.coop\/xxiconferencia\/speaker\/congreso-continental\/\">Congreso Continental<\/a><\/strong>&nbsp;Congreso continental<\/div>\n<\/div>\n<p><br class=\"clear\"\/><\/div>\n<div id=\"excerpt_1071\" class=\"session_content_extend hide session_content_wrapper\">\n<div class=\"session_content has_speaker_thumb\">\n<div class=\"session_start_time\">17:30&nbsp;&#8211;&nbsp;18:00<\/div>\n<div class=\"session_title_list\"><span class=\"ti-bookmark\"><\/span><\/p>\n<div class=\"session_title_item\">Congreso continental de derecho cooperativo<\/div>\n<\/div>\n<div class=\"session_location themeborder\">\n<div class=\"session_location_label skin_color\">Where<\/div>\n<div class=\"session_location_content\">Colegio de Abogados<\/div>\n<\/div>\n<\/div>\n<p><br class=\"clear\"\/><\/div>\n<\/li>\n<li class=\"themeborder xxi-congreso \">\n<div class=\"session_content_wrapper expandable\" data-expandid=\"excerpt_248\">\n<div class=\"session_speaker_thumb\"><img decoding=\"async\" src=\"https:\/\/www.aciamericas.coop\/xxiconferencia\/wp-content\/uploads\/2019\/05\/logocongreso-150x150.png\" alt=\"Congreso Continental\"\/><\/div>\n<div class=\"session_content has_speaker_thumb\">\n<div class=\"session_start_time\">18:00<\/div>\n<div class=\"session_title\">\n<h6>Trabajo de comisiones<\/h6>\n<\/div>\n<div class=\"session_speakers\">Por&nbsp;<strong><a href=\"https:\/\/www.aciamericas.coop\/xxiconferencia\/speaker\/congreso-continental\/\">Congreso Continental<\/a><\/strong>&nbsp;Congreso continental<\/div>\n<\/div>\n<p><br class=\"clear\"\/><\/div>\n<div id=\"excerpt_248\" class=\"session_content_extend hide session_content_wrapper\">\n<div class=\"session_content has_speaker_thumb\">\n<div class=\"session_start_time\">18:00&nbsp;&#8211;&nbsp;18:45<\/div>\n<div class=\"session_title_list\"><span class=\"ti-bookmark\"><\/span><\/p>\n<div class=\"session_title_item\">Congreso continental de derecho cooperativo<\/div>\n<\/div>\n<div class=\"session_location themeborder\">\n<div class=\"session_location_label skin_color\">Where<\/div>\n<div class=\"session_location_content\">Edificio cooperativo<\/div>\n<\/div>\n<\/div>\n<p><br class=\"clear\"\/><\/div>\n<\/li>\n<\/ul>\n<ul id=\"lunes\" class=\"scheduleday_wrapper themeborder tab_content hide\">\n<li class=\"themeborder conferencia-regional \">\n<div class=\"session_content_wrapper expandable\" data-expandid=\"excerpt_1087\">\n<div class=\"session_speaker_thumb\"><img decoding=\"async\" src=\"https:\/\/www.aciamericas.coop\/xxiconferencia\/wp-content\/uploads\/2019\/05\/XXI-Conferencia-regional-logo-031-150x150.png\" alt=\"XXI Conferencia Regional\"\/><\/div>\n<div class=\"session_content has_speaker_thumb\">\n<div class=\"session_start_time\">09:00<\/div>\n<div class=\"session_title\">\n<h6>ACTO INAUGURAL de la XXI Conferencia Regional<\/h6>\n<\/div>\n<div class=\"session_speakers\">Por&nbsp;<strong><a href=\"https:\/\/www.aciamericas.coop\/xxiconferencia\/speaker\/xxi-conferencia-regional\/\">XXI Conferencia Regional<\/a><\/strong>&nbsp;XXI Conferencia Regional<\/div>\n<\/div>\n<p><br class=\"clear\"\/><\/div>\n<div id=\"excerpt_1087\" class=\"session_content_extend hide session_content_wrapper\">\n<div class=\"session_content has_speaker_thumb\">\n<div class=\"session_start_time\">09:00&nbsp;&#8211;&nbsp;10:15<\/div>\n<div class=\"session_title_list\"><span class=\"ti-bookmark\"><\/span><\/p>\n<div class=\"session_title_item\">Conferencia Regional<\/div>\n<\/div>\n<div class=\"session_location themeborder\">\n<div class=\"session_location_label skin_color\">Where<\/div>\n<div class=\"session_location_content\">Hotel Intercontinental<\/div>\n<\/div>\n<\/div>\n<p><br class=\"clear\"\/><\/div>\n<\/li>\n<li class=\"themeborder xxi-congreso \">\n<div class=\"session_content_wrapper expandable\" data-expandid=\"excerpt_1039\">\n<div class=\"session_speaker_thumb\"><img decoding=\"async\" src=\"https:\/\/www.aciamericas.coop\/xxiconferencia\/wp-content\/uploads\/2019\/05\/logocongreso-150x150.png\" alt=\"Congreso Continental\"\/><\/div>\n<div class=\"session_content has_speaker_thumb\">\n<div class=\"session_start_time\">07:00<\/div>\n<div class=\"session_title\">\n<h6>No hay actividad este d\u00eda<\/h6>\n<\/div>\n<div class=\"session_speakers\">Por&nbsp;<strong><a href=\"https:\/\/www.aciamericas.coop\/xxiconferencia\/speaker\/congreso-continental\/\">Congreso Continental<\/a><\/strong>&nbsp;Congreso continental<\/div>\n<\/div>\n<p><br class=\"clear\"\/><\/div>\n<div id=\"excerpt_1039\" class=\"session_content_extend hide session_content_wrapper\">\n<div class=\"session_content has_speaker_thumb\">\n<div class=\"session_start_time\">07:00&nbsp;&#8211;&nbsp;22:00<\/div>\n<div class=\"session_title_list\"><span class=\"ti-bookmark\"><\/span><\/p>\n<div class=\"session_title_item\">Congreso continental de derecho cooperativo<\/div>\n<\/div>\n<\/div>\n<p><br class=\"clear\"\/><\/div>\n<\/li>\n<li class=\"themeborder conferencia-regional \">\n<div class=\"session_content_wrapper expandable\" data-expandid=\"excerpt_1089\">\n<div class=\"session_speaker_thumb\"><img decoding=\"async\" src=\"https:\/\/www.aciamericas.coop\/xxiconferencia\/wp-content\/uploads\/2019\/05\/XXI-Conferencia-regional-logo-031-150x150.png\" alt=\"XXI Conferencia Regional\"\/><\/div>\n<div class=\"session_content has_speaker_thumb\">\n<div class=\"session_start_time\">10:45<\/div>\n<div class=\"session_title\">\n<h6>CONFERENCIA MAGISTRAL<\/h6>\n<\/div>\n<div class=\"session_speakers\">Por&nbsp;<strong><a href=\"https:\/\/www.aciamericas.coop\/xxiconferencia\/speaker\/xxi-conferencia-regional\/\">XXI Conferencia Regional<\/a><\/strong>&nbsp;XXI Conferencia Regional<\/div>\n<\/div>\n<p><br class=\"clear\"\/><\/div>\n<div id=\"excerpt_1089\" class=\"session_content_extend hide session_content_wrapper\">\n<div class=\"session_content has_speaker_thumb\">\n<div class=\"session_start_time\">10:45&nbsp;&#8211;&nbsp;11:30<\/div>\n<div class=\"session_title_list\"><span class=\"ti-bookmark\"><\/span><\/p>\n<div class=\"session_title_item\">Conferencia Regional<\/div>\n<\/div>\n<div class=\"session_location themeborder\">\n<div class=\"session_location_label skin_color\">Where<\/div>\n<div class=\"session_location_content\">Hotel Intercontinental<\/div>\n<\/div>\n<\/div>\n<p><br class=\"clear\"\/><\/div>\n<\/li>\n<li class=\"themeborder conferencia-regional \">\n<div class=\"session_content_wrapper expandable\" data-expandid=\"excerpt_1091\">\n<div class=\"session_speaker_thumb\"><img decoding=\"async\" src=\"https:\/\/www.aciamericas.coop\/xxiconferencia\/wp-content\/uploads\/2019\/05\/XXI-Conferencia-regional-logo-031-150x150.png\" alt=\"XXI Conferencia Regional\"\/><\/div>\n<div class=\"session_content has_speaker_thumb\">\n<div class=\"session_start_time\">12:00<\/div>\n<div class=\"session_title\">\n<h6>Break<\/h6>\n<\/div>\n<div class=\"session_speakers\">Por&nbsp;<strong><a href=\"https:\/\/www.aciamericas.coop\/xxiconferencia\/speaker\/xxi-conferencia-regional\/\">XXI Conferencia Regional<\/a><\/strong>&nbsp;XXI Conferencia Regional<\/div>\n<\/div>\n<p><br class=\"clear\"\/><\/div>\n<div id=\"excerpt_1091\" class=\"session_content_extend hide session_content_wrapper\">\n<div class=\"session_content has_speaker_thumb\">\n<div class=\"session_start_time\">12:00&nbsp;&#8211;&nbsp;14:00<\/div>\n<div class=\"session_title_list\"><span class=\"ti-bookmark\"><\/span><\/p>\n<div class=\"session_title_item\">Conferencia Regional<\/div>\n<\/div>\n<div class=\"session_location themeborder\">\n<div class=\"session_location_label skin_color\">Where<\/div>\n<div class=\"session_location_content\">Hotel Intercontinental<\/div>\n<\/div>\n<\/div>\n<p><br class=\"clear\"\/><\/div>\n<\/li>\n<li class=\"themeborder conferencia-regional \">\n<div class=\"session_content_wrapper expandable\" data-expandid=\"excerpt_1093\">\n<div class=\"session_speaker_thumb\"><img decoding=\"async\" src=\"https:\/\/www.aciamericas.coop\/xxiconferencia\/wp-content\/uploads\/2019\/05\/XXI-Conferencia-regional-logo-031-150x150.png\" alt=\"XXI Conferencia Regional\"\/><\/div>\n<div class=\"session_content has_speaker_thumb\">\n<div class=\"session_start_time\">14:00<\/div>\n<div class=\"session_title\">\n<h6>Laboratorios Paralelos Sobre el Eje Desarrollo Econ\u00f3mico y Social<\/h6>\n<\/div>\n<div class=\"session_speakers\">Por&nbsp;<strong><a href=\"https:\/\/www.aciamericas.coop\/xxiconferencia\/speaker\/xxi-conferencia-regional\/\">XXI Conferencia Regional<\/a><\/strong>&nbsp;XXI Conferencia Regional<\/div>\n<\/div>\n<p><br class=\"clear\"\/><\/div>\n<div id=\"excerpt_1093\" class=\"session_content_extend hide session_content_wrapper\">\n<div class=\"session_content has_speaker_thumb\">\n<div class=\"session_start_time\">14:00&nbsp;&#8211;&nbsp;18:00<\/div>\n<div class=\"session_title_list\"><span class=\"ti-bookmark\"><\/span><\/p>\n<div class=\"session_title_item\">Conferencia Regional<\/div>\n<\/div>\n<div class=\"session_location themeborder\">\n<div class=\"session_location_label skin_color\">Where<\/div>\n<div class=\"session_location_content\">Hotel Intercontinental<\/div>\n<\/div>\n<\/div>\n<p><br class=\"clear\"\/><\/div>\n<\/li>\n<li class=\"themeborder conferencia-regional union-europea \">\n<div class=\"session_content_wrapper expandable\" data-expandid=\"excerpt_1492\">\n<div class=\"session_speaker_thumb\"><img decoding=\"async\" src=\"https:\/\/www.aciamericas.coop\/xxiconferencia\/wp-content\/uploads\/2019\/10\/1200px-Flag_of_Europe.svg_-150x150.png\" alt=\"Union Europea\"\/><\/div>\n<div class=\"session_content has_speaker_thumb\">\n<div class=\"session_start_time\">14:00<\/div>\n<div class=\"session_title\">\n<h6>XIII Encuentro de Parlamentarios y Organismos de Promocio\u0301n, Fomento, Regulacio\u0301n, Supervisio\u0301n y\/o Cre\u0301dito Cooperativo <\/p>\n<p style=\"text-align: center;\"><a class=\"button link\" href=\"https:\/\/docs.google.com\/forms\/d\/1lLE3Ly-_9sp8FuRJVOGBsd4RkiGutf7xwe7y9Cvfxko\/viewform?edit_requested=true\">Registro ac\u00e1<\/a><\/p>\n<\/h6>\n<\/div>\n<div class=\"session_speakers\">Por&nbsp;<strong><a href=\"https:\/\/www.aciamericas.coop\/xxiconferencia\/speaker\/union-europea\/\">Union Europea<\/a><\/strong>&nbsp;<\/div>\n<\/div>\n<p><br class=\"clear\"\/><\/div>\n<div id=\"excerpt_1492\" class=\"session_content_extend hide session_content_wrapper\">\n<div class=\"session_content has_speaker_thumb\">\n<div class=\"session_start_time\">14:00&nbsp;&#8211;&nbsp;18:00<\/div>\n<div class=\"session_excerpt\">Promover el intercambio entre Organismos de promocio\u0301n y fomento y parlamentarios de los distintos pai\u0301ses sobre las oportunidades y desafi\u0301os para el desarrollo y consolidacio\u0301n del cooperativismo y de la economi\u0301a social y solidaria en el continente Americano.<\/p>\n<p>Para participar en esta actividad gratuita debe realizar inscripcio\u0301n previa <\/p><\/div>\n<div class=\"session_title_list\"><span class=\"ti-bookmark\"><\/span><\/p>\n<div class=\"session_title_item\">Conferencia Regional<\/div>\n<div class=\"session_title_item\">Uni\u00f3n Europea<\/div>\n<\/div>\n<\/div>\n<p><br class=\"clear\"\/><\/div>\n<\/li>\n<li class=\"themeborder conferencia-regional union-europea \">\n<div class=\"session_content_wrapper expandable\" data-expandid=\"excerpt_1493\">\n<div class=\"session_speaker_thumb\"><img decoding=\"async\" src=\"https:\/\/www.aciamericas.coop\/xxiconferencia\/wp-content\/uploads\/2019\/10\/1200px-Flag_of_Europe.svg_-150x150.png\" alt=\"Union Europea\"\/><\/div>\n<div class=\"session_content has_speaker_thumb\">\n<div class=\"session_start_time\">14:00<\/div>\n<div class=\"session_title\">\n<h6>Encuentro Regional de Juventud Cooperativa: \u201cJuventud 4.0: Emprendimiento, Innovacio\u0301n, Comunicacio\u0301n, Incidencia\u201c <\/p>\n<p style=\"text-align: center;\"><a class=\"button link\" href=\"https:\/\/docs.google.com\/forms\/d\/1uDlPycoVgjumdACd4LUKgqhBcAjWcKuF-oUR3Z1jYo8\/viewform?edit_requested=true\">Registro ac\u00e1<\/a><\/p>\n<\/h6>\n<\/div>\n<div class=\"session_speakers\">Por&nbsp;<strong><a href=\"https:\/\/www.aciamericas.coop\/xxiconferencia\/speaker\/union-europea\/\">Union Europea<\/a><\/strong>&nbsp;<\/div>\n<\/div>\n<p><br class=\"clear\"\/><\/div>\n<div id=\"excerpt_1493\" class=\"session_content_extend hide session_content_wrapper\">\n<div class=\"session_content has_speaker_thumb\">\n<div class=\"session_start_time\">14:00&nbsp;&#8211;&nbsp;18:00<\/div>\n<div class=\"session_excerpt\">Promover la discusio\u0301n en torno al rol de la ju- ventud cooperativista en la revolucio\u0301n 4.0 resal- tando asi\u0301 la importancia del emprendimiento, la comunicacio\u0301n, y la incidencia de cara al fortale- cimiento del modelo cooperativo.<\/p>\n<p>Para participar en esta actividad gratuita debe realizar inscripcio\u0301n previa <\/p><\/div>\n<div class=\"session_title_list\"><span class=\"ti-bookmark\"><\/span><\/p>\n<div class=\"session_title_item\">Conferencia Regional<\/div>\n<div class=\"session_title_item\">Uni\u00f3n Europea<\/div>\n<\/div>\n<\/div>\n<p><br class=\"clear\"\/><\/div>\n<\/li>\n<li class=\"themeborder conferencia-regional \">\n<div class=\"session_content_wrapper expandable\" data-expandid=\"excerpt_1494\">\n<div class=\"session_speaker_thumb\"><img decoding=\"async\" src=\"https:\/\/www.aciamericas.coop\/xxiconferencia\/wp-content\/uploads\/2019\/05\/XXI-Conferencia-regional-logo-031-150x150.png\" alt=\"XXI Conferencia Regional\"\/><\/div>\n<div class=\"session_content has_speaker_thumb\">\n<div class=\"session_start_time\">14:00<\/div>\n<div class=\"session_title\">\n<h6>Integraci\u00f3n de Sectores<\/h6>\n<\/div>\n<div class=\"session_speakers\">Por&nbsp;<strong><a href=\"https:\/\/www.aciamericas.coop\/xxiconferencia\/speaker\/xxi-conferencia-regional\/\">XXI Conferencia Regional<\/a><\/strong>&nbsp;XXI Conferencia Regional<\/div>\n<\/div>\n<p><br class=\"clear\"\/><\/div>\n<div id=\"excerpt_1494\" class=\"session_content_extend hide session_content_wrapper\">\n<div class=\"session_content has_speaker_thumb\">\n<div class=\"session_start_time\">14:00&nbsp;&#8211;&nbsp;18:00<\/div>\n<div class=\"session_title_list\"><span class=\"ti-bookmark\"><\/span><\/p>\n<div class=\"session_title_item\">Conferencia Regional<\/div>\n<\/div>\n<\/div>\n<p><br class=\"clear\"\/><\/div>\n<\/li>\n<li class=\"themeborder conferencia-regional \">\n<div class=\"session_content_wrapper expandable\" data-expandid=\"excerpt_1496\">\n<div class=\"session_speaker_thumb\"><img decoding=\"async\" src=\"https:\/\/www.aciamericas.coop\/xxiconferencia\/wp-content\/uploads\/2019\/05\/XXI-Conferencia-regional-logo-031-150x150.png\" alt=\"XXI Conferencia Regional\"\/><\/div>\n<div class=\"session_content has_speaker_thumb\">\n<div class=\"session_start_time\">14:00<\/div>\n<div class=\"session_title\">\n<h6>Decenio de la agricultura familiar<\/h6>\n<\/div>\n<div class=\"session_speakers\">Por&nbsp;<strong><a href=\"https:\/\/www.aciamericas.coop\/xxiconferencia\/speaker\/xxi-conferencia-regional\/\">XXI Conferencia Regional<\/a><\/strong>&nbsp;XXI Conferencia Regional<\/div>\n<\/div>\n<p><br class=\"clear\"\/><\/div>\n<div id=\"excerpt_1496\" class=\"session_content_extend hide session_content_wrapper\">\n<div class=\"session_content has_speaker_thumb\">\n<div class=\"session_start_time\">14:00&nbsp;&#8211;&nbsp;18:00<\/div>\n<div class=\"session_title_list\"><span class=\"ti-bookmark\"><\/span><\/p>\n<div class=\"session_title_item\">Conferencia Regional<\/div>\n<\/div>\n<\/div>\n<p><br class=\"clear\"\/><\/div>\n<\/li>\n<li class=\"themeborder conferencia-regional \">\n<div class=\"session_content_wrapper expandable\" data-expandid=\"excerpt_1497\">\n<div class=\"session_speaker_thumb\"><img decoding=\"async\" src=\"https:\/\/www.aciamericas.coop\/xxiconferencia\/wp-content\/uploads\/2019\/05\/XXI-Conferencia-regional-logo-031-150x150.png\" alt=\"XXI Conferencia Regional\"\/><\/div>\n<div class=\"session_content has_speaker_thumb\">\n<div class=\"session_start_time\">14:00<\/div>\n<div class=\"session_title\">\n<h6>Balance social<\/h6>\n<\/div>\n<div class=\"session_speakers\">Por&nbsp;<strong><a href=\"https:\/\/www.aciamericas.coop\/xxiconferencia\/speaker\/xxi-conferencia-regional\/\">XXI Conferencia Regional<\/a><\/strong>&nbsp;XXI Conferencia Regional<\/div>\n<\/div>\n<p><br class=\"clear\"\/><\/div>\n<div id=\"excerpt_1497\" class=\"session_content_extend hide session_content_wrapper\">\n<div class=\"session_content has_speaker_thumb\">\n<div class=\"session_start_time\">14:00&nbsp;&#8211;&nbsp;18:00<\/div>\n<div class=\"session_title_list\"><span class=\"ti-bookmark\"><\/span><\/p>\n<div class=\"session_title_item\">Conferencia Regional<\/div>\n<\/div>\n<\/div>\n<p><br class=\"clear\"\/><\/div>\n<\/li>\n<li class=\"themeborder conferencia-regional \">\n<div class=\"session_content_wrapper expandable\" data-expandid=\"excerpt_1498\">\n<div class=\"session_speaker_thumb\"><img decoding=\"async\" src=\"https:\/\/www.aciamericas.coop\/xxiconferencia\/wp-content\/uploads\/2019\/05\/XXI-Conferencia-regional-logo-031-150x150.png\" alt=\"XXI Conferencia Regional\"\/><\/div>\n<div class=\"session_content has_speaker_thumb\">\n<div class=\"session_start_time\">14:00<\/div>\n<div class=\"session_title\">\n<h6>Actividad Financiera Cooperativa<\/h6>\n<\/div>\n<div class=\"session_speakers\">Por&nbsp;<strong><a href=\"https:\/\/www.aciamericas.coop\/xxiconferencia\/speaker\/xxi-conferencia-regional\/\">XXI Conferencia Regional<\/a><\/strong>&nbsp;XXI Conferencia Regional<\/div>\n<\/div>\n<p><br class=\"clear\"\/><\/div>\n<div id=\"excerpt_1498\" class=\"session_content_extend hide session_content_wrapper\">\n<div class=\"session_content has_speaker_thumb\">\n<div class=\"session_start_time\">14:00&nbsp;&#8211;&nbsp;18:00<\/div>\n<div class=\"session_title_list\"><span class=\"ti-bookmark\"><\/span><\/p>\n<div class=\"session_title_item\">Conferencia Regional<\/div>\n<\/div>\n<\/div>\n<p><br class=\"clear\"\/><\/div>\n<\/li>\n<li class=\"themeborder conferencia-regional union-europea \">\n<div class=\"session_content_wrapper expandable\" data-expandid=\"excerpt_1499\">\n<div class=\"session_speaker_thumb\"><img decoding=\"async\" src=\"https:\/\/www.aciamericas.coop\/xxiconferencia\/wp-content\/uploads\/2019\/10\/1200px-Flag_of_Europe.svg_-150x150.png\" alt=\"Union Europea\"\/><\/div>\n<div class=\"session_content has_speaker_thumb\">\n<div class=\"session_start_time\">14:00<\/div>\n<div class=\"session_title\">\n<h6>Comunicaci\u00f3n por los ODS <\/p>\n<p style=\"text-align: center;\"><a class=\"button link\" href=\"https:\/\/docs.google.com\/forms\/d\/1eUwHZ6Z8mWsuYjvRoJv89Ekk9TzesQuzLgJ0_n7LcBQ\/viewform?edit_requested=true\">Registro ac\u00e1<\/a><\/p>\n<\/h6>\n<\/div>\n<div class=\"session_speakers\">Por&nbsp;<strong><a href=\"https:\/\/www.aciamericas.coop\/xxiconferencia\/speaker\/union-europea\/\">Union Europea<\/a><\/strong>&nbsp;<\/div>\n<\/div>\n<p><br class=\"clear\"\/><\/div>\n<div id=\"excerpt_1499\" class=\"session_content_extend hide session_content_wrapper\">\n<div class=\"session_content has_speaker_thumb\">\n<div class=\"session_start_time\">14:00&nbsp;&#8211;&nbsp;18:00<\/div>\n<div class=\"session_excerpt\">Elevar el perfil de las federaciones de cooperativas fortaleciendo las capacidades de comunicacio\u0301n trabajando en una estrategia de comunicacio\u0301n alineada a la agenda 2030 coordinada por Cooperativas de las Ame\u0301ricas, aumentando niveles de notoriedad y notabilidad frente a la opinio\u0301n publica.<br \/>\nPara participar en esta actividad gratuita debe realizar inscripcio\u0301n previa<\/div>\n<div class=\"session_title_list\"><span class=\"ti-bookmark\"><\/span><\/p>\n<div class=\"session_title_item\">Conferencia Regional<\/div>\n<div class=\"session_title_item\">Uni\u00f3n Europea<\/div>\n<\/div>\n<\/div>\n<p><br class=\"clear\"\/><\/div>\n<\/li>\n<li class=\"themeborder conferencia-regional \">\n<div class=\"session_content_wrapper expandable\" data-expandid=\"excerpt_1095\">\n<div class=\"session_speaker_thumb\"><img decoding=\"async\" src=\"https:\/\/www.aciamericas.coop\/xxiconferencia\/wp-content\/uploads\/2019\/05\/XXI-Conferencia-regional-logo-031-150x150.png\" alt=\"XXI Conferencia Regional\"\/><\/div>\n<div class=\"session_content has_speaker_thumb\">\n<div class=\"session_start_time\">20:00<\/div>\n<div class=\"session_title\">\n<h6>COCKTAIL DE BIENVENIDA<\/h6>\n<\/div>\n<div class=\"session_speakers\">Por&nbsp;<strong><a href=\"https:\/\/www.aciamericas.coop\/xxiconferencia\/speaker\/xxi-conferencia-regional\/\">XXI Conferencia Regional<\/a><\/strong>&nbsp;XXI Conferencia Regional<\/div>\n<\/div>\n<p><br class=\"clear\"\/><\/div>\n<div id=\"excerpt_1095\" class=\"session_content_extend hide session_content_wrapper\">\n<div class=\"session_content has_speaker_thumb\">\n<div class=\"session_start_time\">20:00&nbsp;&#8211;&nbsp;22:00<\/div>\n<div class=\"session_title_list\"><span class=\"ti-bookmark\"><\/span><\/p>\n<div class=\"session_title_item\">Conferencia Regional<\/div>\n<\/div>\n<div class=\"session_location themeborder\">\n<div class=\"session_location_label skin_color\">Where<\/div>\n<div class=\"session_location_content\">Hotel Intercontinental<\/div>\n<\/div>\n<\/div>\n<p><br class=\"clear\"\/><\/div>\n<\/li>\n<\/ul>\n<ul id=\"martes\" class=\"scheduleday_wrapper themeborder tab_content hide\">\n<li class=\"themeborder conferencia-regional \">\n<div class=\"session_content_wrapper expandable\" data-expandid=\"excerpt_1097\">\n<div class=\"session_speaker_thumb\"><img decoding=\"async\" src=\"https:\/\/www.aciamericas.coop\/xxiconferencia\/wp-content\/uploads\/2019\/05\/XXI-Conferencia-regional-logo-031-150x150.png\" alt=\"XXI Conferencia Regional\"\/><\/div>\n<div class=\"session_content has_speaker_thumb\">\n<div class=\"session_start_time\">09:45<\/div>\n<div class=\"session_title\">\n<h6>CONFERENCIA MAGISTRAL<\/h6>\n<\/div>\n<div class=\"session_speakers\">Por&nbsp;<strong><a href=\"https:\/\/www.aciamericas.coop\/xxiconferencia\/speaker\/xxi-conferencia-regional\/\">XXI Conferencia Regional<\/a><\/strong>&nbsp;XXI Conferencia Regional<\/div>\n<\/div>\n<p><br class=\"clear\"\/><\/div>\n<div id=\"excerpt_1097\" class=\"session_content_extend hide session_content_wrapper\">\n<div class=\"session_content has_speaker_thumb\">\n<div class=\"session_start_time\">09:45&nbsp;&#8211;&nbsp;09:45<\/div>\n<div class=\"session_title_list\"><span class=\"ti-bookmark\"><\/span><\/p>\n<div class=\"session_title_item\">Conferencia Regional<\/div>\n<\/div>\n<div class=\"session_location themeborder\">\n<div class=\"session_location_label skin_color\">Where<\/div>\n<div class=\"session_location_content\">Hotel Intercontinental<\/div>\n<\/div>\n<\/div>\n<p><br class=\"clear\"\/><\/div>\n<\/li>\n<li class=\"themeborder xxi-congreso \">\n<div class=\"session_content_wrapper expandable\" data-expandid=\"excerpt_1075\">\n<div class=\"session_speaker_thumb\"><img decoding=\"async\" src=\"https:\/\/www.aciamericas.coop\/xxiconferencia\/wp-content\/uploads\/2019\/05\/logocongreso-150x150.png\" alt=\"Congreso Continental\"\/><\/div>\n<div class=\"session_content has_speaker_thumb\">\n<div class=\"session_start_time\">07:00<\/div>\n<div class=\"session_title\">\n<h6>No hay actividad este d\u00eda<\/h6>\n<\/div>\n<div class=\"session_speakers\">Por&nbsp;<strong><a href=\"https:\/\/www.aciamericas.coop\/xxiconferencia\/speaker\/congreso-continental\/\">Congreso Continental<\/a><\/strong>&nbsp;Congreso continental<\/div>\n<\/div>\n<p><br class=\"clear\"\/><\/div>\n<div id=\"excerpt_1075\" class=\"session_content_extend hide session_content_wrapper\">\n<div class=\"session_content has_speaker_thumb\">\n<div class=\"session_start_time\">07:00&nbsp;&#8211;&nbsp;22:00<\/div>\n<div class=\"session_title_list\"><span class=\"ti-bookmark\"><\/span><\/p>\n<div class=\"session_title_item\">Congreso continental de derecho cooperativo<\/div>\n<\/div>\n<\/div>\n<p><br class=\"clear\"\/><\/div>\n<\/li>\n<li class=\"themeborder conferencia-regional \">\n<div class=\"session_content_wrapper expandable\" data-expandid=\"excerpt_1099\">\n<div class=\"session_speaker_thumb\"><img decoding=\"async\" src=\"https:\/\/www.aciamericas.coop\/xxiconferencia\/wp-content\/uploads\/2019\/05\/XXI-Conferencia-regional-logo-031-150x150.png\" alt=\"XXI Conferencia Regional\"\/><\/div>\n<div class=\"session_content has_speaker_thumb\">\n<div class=\"session_start_time\">10:45<\/div>\n<div class=\"session_title\">\n<h6>PANEL EXPERTOS Y CASOS EXITOSOS DE SECTORES COOPERATIVOS SOBRE LOCALIZACION AGENDA 2030<\/h6>\n<\/div>\n<div class=\"session_speakers\">Por&nbsp;<strong><a href=\"https:\/\/www.aciamericas.coop\/xxiconferencia\/speaker\/xxi-conferencia-regional\/\">XXI Conferencia Regional<\/a><\/strong>&nbsp;XXI Conferencia Regional<\/div>\n<\/div>\n<p><br class=\"clear\"\/><\/div>\n<div id=\"excerpt_1099\" class=\"session_content_extend hide session_content_wrapper\">\n<div class=\"session_content has_speaker_thumb\">\n<div class=\"session_start_time\">10:45&nbsp;&#8211;&nbsp;12:00<\/div>\n<div class=\"session_title_list\"><span class=\"ti-bookmark\"><\/span><\/p>\n<div class=\"session_title_item\">Conferencia Regional<\/div>\n<\/div>\n<div class=\"session_location themeborder\">\n<div class=\"session_location_label skin_color\">Where<\/div>\n<div class=\"session_location_content\">Hotel Intercontinental<\/div>\n<\/div>\n<\/div>\n<p><br class=\"clear\"\/><\/div>\n<\/li>\n<li class=\"themeborder conferencia-regional union-europea \">\n<div class=\"session_content_wrapper expandable\" data-expandid=\"excerpt_1101\">\n<div class=\"session_speaker_thumb\"><img decoding=\"async\" src=\"https:\/\/www.aciamericas.coop\/xxiconferencia\/wp-content\/uploads\/2019\/10\/1200px-Flag_of_Europe.svg_-150x150.png\" alt=\"Union Europea\"\/><\/div>\n<div class=\"session_content has_speaker_thumb\">\n<div class=\"session_start_time\">12:00<\/div>\n<div class=\"session_title\">\n<h6>Lanzamiento 1er HACKATHON COOPERATIVO DE LAS AMERICAS<\/h6>\n<\/div>\n<div class=\"session_speakers\">Por&nbsp;<strong><a href=\"https:\/\/www.aciamericas.coop\/xxiconferencia\/speaker\/union-europea\/\">Union Europea<\/a><\/strong>&nbsp;<\/div>\n<\/div>\n<p><br class=\"clear\"\/><\/div>\n<div id=\"excerpt_1101\" class=\"session_content_extend hide session_content_wrapper\">\n<div class=\"session_content has_speaker_thumb\">\n<div class=\"session_start_time\">12:00&nbsp;&#8211;&nbsp;12:30<\/div>\n<div class=\"session_excerpt\">Extracto<\/div>\n<div class=\"session_title_list\"><span class=\"ti-bookmark\"><\/span><\/p>\n<div class=\"session_title_item\">Conferencia Regional<\/div>\n<div class=\"session_title_item\">Uni\u00f3n Europea<\/div>\n<\/div>\n<div class=\"session_location themeborder\">\n<div class=\"session_location_label skin_color\">Where<\/div>\n<div class=\"session_location_content\">Hotel Intercontinental<\/div>\n<\/div>\n<\/div>\n<p><br class=\"clear\"\/><\/div>\n<\/li>\n<li class=\"themeborder conferencia-regional \">\n<div class=\"session_content_wrapper expandable\" data-expandid=\"excerpt_1103\">\n<div class=\"session_speaker_thumb\"><img decoding=\"async\" src=\"https:\/\/www.aciamericas.coop\/xxiconferencia\/wp-content\/uploads\/2019\/05\/XXI-Conferencia-regional-logo-031-150x150.png\" alt=\"XXI Conferencia Regional\"\/><\/div>\n<div class=\"session_content has_speaker_thumb\">\n<div class=\"session_start_time\">12:30<\/div>\n<div class=\"session_title\">\n<h6>Break<\/h6>\n<\/div>\n<div class=\"session_speakers\">Por&nbsp;<strong><a href=\"https:\/\/www.aciamericas.coop\/xxiconferencia\/speaker\/xxi-conferencia-regional\/\">XXI Conferencia Regional<\/a><\/strong>&nbsp;XXI Conferencia Regional<\/div>\n<\/div>\n<p><br class=\"clear\"\/><\/div>\n<div id=\"excerpt_1103\" class=\"session_content_extend hide session_content_wrapper\">\n<div class=\"session_content has_speaker_thumb\">\n<div class=\"session_start_time\">12:30&nbsp;&#8211;&nbsp;14:00<\/div>\n<div class=\"session_title_list\"><span class=\"ti-bookmark\"><\/span><\/p>\n<div class=\"session_title_item\">Conferencia Regional<\/div>\n<\/div>\n<div class=\"session_location themeborder\">\n<div class=\"session_location_label skin_color\">Where<\/div>\n<div class=\"session_location_content\">Hotel Intercontinental<\/div>\n<\/div>\n<\/div>\n<p><br class=\"clear\"\/><\/div>\n<\/li>\n<li class=\"themeborder conferencia-regional \">\n<div class=\"session_content_wrapper expandable\" data-expandid=\"excerpt_1105\">\n<div class=\"session_speaker_thumb\"><img decoding=\"async\" src=\"https:\/\/www.aciamericas.coop\/xxiconferencia\/wp-content\/uploads\/2019\/05\/XXI-Conferencia-regional-logo-031-150x150.png\" alt=\"XXI Conferencia Regional\"\/><\/div>\n<div class=\"session_content has_speaker_thumb\">\n<div class=\"session_start_time\">14:00<\/div>\n<div class=\"session_title\">\n<h6>TALLERES Y ACTIVIDADES PARALELAS SOBRE EJE  Objetivos de Desarrollo Sostenible\/ Agenda ONU 2030<\/h6>\n<\/div>\n<div class=\"session_speakers\">Por&nbsp;<strong><a href=\"https:\/\/www.aciamericas.coop\/xxiconferencia\/speaker\/xxi-conferencia-regional\/\">XXI Conferencia Regional<\/a><\/strong>&nbsp;XXI Conferencia Regional<\/div>\n<\/div>\n<p><br class=\"clear\"\/><\/div>\n<div id=\"excerpt_1105\" class=\"session_content_extend hide session_content_wrapper\">\n<div class=\"session_content has_speaker_thumb\">\n<div class=\"session_start_time\">14:00&nbsp;&#8211;&nbsp;18:00<\/div>\n<div class=\"session_title_list\"><span class=\"ti-bookmark\"><\/span><\/p>\n<div class=\"session_title_item\">Conferencia Regional<\/div>\n<\/div>\n<div class=\"session_location themeborder\">\n<div class=\"session_location_label skin_color\">Where<\/div>\n<div class=\"session_location_content\">Hotel Intercontinental<\/div>\n<\/div>\n<\/div>\n<p><br class=\"clear\"\/><\/div>\n<\/li>\n<li class=\"themeborder conferencia-regional union-europea \">\n<div class=\"session_content_wrapper expandable\" data-expandid=\"excerpt_1501\">\n<div class=\"session_speaker_thumb\"><img decoding=\"async\" src=\"https:\/\/www.aciamericas.coop\/xxiconferencia\/wp-content\/uploads\/2019\/10\/1200px-Flag_of_Europe.svg_-150x150.png\" alt=\"Union Europea\"\/><\/div>\n<div class=\"session_content has_speaker_thumb\">\n<div class=\"session_start_time\">14:00<\/div>\n<div class=\"session_title\">\n<h6>Laboratorio, \u201cODS 8, Cooperativas y trabajo digno.\u201d  <\/p>\n<p style=\"text-align: center;\"><a class=\"button link\" href=\"https:\/\/docs.google.com\/forms\/d\/13NgDAEuYz2OwupJgSmWh1WJKXDMb8e7Mr8Ny7I0CoQU\/viewform?edit_requested=true\">Registro ac\u00e1<\/a><\/p>\n<\/h6>\n<\/div>\n<div class=\"session_speakers\">Por&nbsp;<strong><a href=\"https:\/\/www.aciamericas.coop\/xxiconferencia\/speaker\/union-europea\/\">Union Europea<\/a><\/strong>&nbsp;<\/div>\n<\/div>\n<p><br class=\"clear\"\/><\/div>\n<div id=\"excerpt_1501\" class=\"session_content_extend hide session_content_wrapper\">\n<div class=\"session_content has_speaker_thumb\">\n<div class=\"session_start_time\">14:00&nbsp;&#8211;&nbsp;18:00<\/div>\n<div class=\"session_excerpt\">Propiciar el desarrollo de planes de trabajo que permitan evidenciar y fortalecer el aporte de las cooperativas al Trabajo Digno, potenciando la integracio\u0301n intersectorial en el cooperativismo americano.<\/p>\n<p>Para participar en esta actividad gratuita debe realizar inscripcio\u0301n previa<\/p><\/div>\n<div class=\"session_title_list\"><span class=\"ti-bookmark\"><\/span><\/p>\n<div class=\"session_title_item\">Conferencia Regional<\/div>\n<div class=\"session_title_item\">Uni\u00f3n Europea<\/div>\n<\/div>\n<\/div>\n<p><br class=\"clear\"\/><\/div>\n<\/li>\n<li class=\"themeborder conferencia-regional \">\n<div class=\"session_content_wrapper expandable\" data-expandid=\"excerpt_1500\">\n<div class=\"session_speaker_thumb\"><img decoding=\"async\" src=\"https:\/\/www.aciamericas.coop\/xxiconferencia\/wp-content\/uploads\/2019\/05\/XXI-Conferencia-regional-logo-031-150x150.png\" alt=\"XXI Conferencia Regional\"\/><\/div>\n<div class=\"session_content has_speaker_thumb\">\n<div class=\"session_start_time\">14:00<\/div>\n<div class=\"session_title\">\n<h6>ODS 12 Producci\u00f3n y consumo responsable<\/h6>\n<\/div>\n<div class=\"session_speakers\">Por&nbsp;<strong><a href=\"https:\/\/www.aciamericas.coop\/xxiconferencia\/speaker\/xxi-conferencia-regional\/\">XXI Conferencia Regional<\/a><\/strong>&nbsp;XXI Conferencia Regional<\/div>\n<\/div>\n<p><br class=\"clear\"\/><\/div>\n<div id=\"excerpt_1500\" class=\"session_content_extend hide session_content_wrapper\">\n<div class=\"session_content has_speaker_thumb\">\n<div class=\"session_start_time\">14:00&nbsp;&#8211;&nbsp;18:00<\/div>\n<div class=\"session_title_list\"><span class=\"ti-bookmark\"><\/span><\/p>\n<div class=\"session_title_item\">Conferencia Regional<\/div>\n<\/div>\n<\/div>\n<p><br class=\"clear\"\/><\/div>\n<\/li>\n<li class=\"themeborder conferencia-regional \">\n<div class=\"session_content_wrapper expandable\" data-expandid=\"excerpt_1502\">\n<div class=\"session_speaker_thumb\"><img decoding=\"async\" src=\"https:\/\/www.aciamericas.coop\/xxiconferencia\/wp-content\/uploads\/2019\/05\/XXI-Conferencia-regional-logo-031-150x150.png\" alt=\"XXI Conferencia Regional\"\/><\/div>\n<div class=\"session_content has_speaker_thumb\">\n<div class=\"session_start_time\">14:00<\/div>\n<div class=\"session_title\">\n<h6>ODS 11 Ciudades comunidades sostenibles<\/h6>\n<\/div>\n<div class=\"session_speakers\">Por&nbsp;<strong><a href=\"https:\/\/www.aciamericas.coop\/xxiconferencia\/speaker\/xxi-conferencia-regional\/\">XXI Conferencia Regional<\/a><\/strong>&nbsp;XXI Conferencia Regional<\/div>\n<\/div>\n<p><br class=\"clear\"\/><\/div>\n<div id=\"excerpt_1502\" class=\"session_content_extend hide session_content_wrapper\">\n<div class=\"session_content has_speaker_thumb\">\n<div class=\"session_start_time\">14:00&nbsp;&#8211;&nbsp;18:00<\/div>\n<div class=\"session_title_list\"><span class=\"ti-bookmark\"><\/span><\/p>\n<div class=\"session_title_item\">Conferencia Regional<\/div>\n<\/div>\n<\/div>\n<p><br class=\"clear\"\/><\/div>\n<\/li>\n<li class=\"themeborder conferencia-regional \">\n<div class=\"session_content_wrapper expandable\" data-expandid=\"excerpt_1503\">\n<div class=\"session_speaker_thumb\"><img decoding=\"async\" src=\"https:\/\/www.aciamericas.coop\/xxiconferencia\/wp-content\/uploads\/2019\/05\/XXI-Conferencia-regional-logo-031-150x150.png\" alt=\"XXI Conferencia Regional\"\/><\/div>\n<div class=\"session_content has_speaker_thumb\">\n<div class=\"session_start_time\">14:00<\/div>\n<div class=\"session_title\">\n<h6>ODS 5, Igualdad de g\u00e9nero<\/h6>\n<\/div>\n<div class=\"session_speakers\">Por&nbsp;<strong><a href=\"https:\/\/www.aciamericas.coop\/xxiconferencia\/speaker\/xxi-conferencia-regional\/\">XXI Conferencia Regional<\/a><\/strong>&nbsp;XXI Conferencia Regional<\/div>\n<\/div>\n<p><br class=\"clear\"\/><\/div>\n<div id=\"excerpt_1503\" class=\"session_content_extend hide session_content_wrapper\">\n<div class=\"session_content has_speaker_thumb\">\n<div class=\"session_start_time\">14:00&nbsp;&#8211;&nbsp;18:00<\/div>\n<div class=\"session_title_list\"><span class=\"ti-bookmark\"><\/span><\/p>\n<div class=\"session_title_item\">Conferencia Regional<\/div>\n<\/div>\n<\/div>\n<p><br class=\"clear\"\/><\/div>\n<\/li>\n<li class=\"themeborder conferencia-regional \">\n<div class=\"session_content_wrapper expandable\" data-expandid=\"excerpt_1504\">\n<div class=\"session_speaker_thumb\"><img decoding=\"async\" src=\"https:\/\/www.aciamericas.coop\/xxiconferencia\/wp-content\/uploads\/2019\/05\/XXI-Conferencia-regional-logo-031-150x150.png\" alt=\"XXI Conferencia Regional\"\/><\/div>\n<div class=\"session_content has_speaker_thumb\">\n<div class=\"session_start_time\">14:00<\/div>\n<div class=\"session_title\">\n<h6>ODS 7,  Energ\u00eda Asequible y no contaminante<\/h6>\n<\/div>\n<div class=\"session_speakers\">Por&nbsp;<strong><a href=\"https:\/\/www.aciamericas.coop\/xxiconferencia\/speaker\/xxi-conferencia-regional\/\">XXI Conferencia Regional<\/a><\/strong>&nbsp;XXI Conferencia Regional<\/div>\n<\/div>\n<p><br class=\"clear\"\/><\/div>\n<div id=\"excerpt_1504\" class=\"session_content_extend hide session_content_wrapper\">\n<div class=\"session_content has_speaker_thumb\">\n<div class=\"session_start_time\">14:00&nbsp;&#8211;&nbsp;18:00<\/div>\n<div class=\"session_title_list\"><span class=\"ti-bookmark\"><\/span><\/p>\n<div class=\"session_title_item\">Conferencia Regional<\/div>\n<\/div>\n<\/div>\n<p><br class=\"clear\"\/><\/div>\n<\/li>\n<li class=\"themeborder conferencia-regional union-europea \">\n<div class=\"session_content_wrapper expandable\" data-expandid=\"excerpt_1506\">\n<div class=\"session_speaker_thumb\"><img decoding=\"async\" src=\"https:\/\/www.aciamericas.coop\/xxiconferencia\/wp-content\/uploads\/2019\/10\/1200px-Flag_of_Europe.svg_-150x150.png\" alt=\"Union Europea\"\/><\/div>\n<div class=\"session_content has_speaker_thumb\">\n<div class=\"session_start_time\">14:00<\/div>\n<div class=\"session_title\">\n<h6>1er Encuentro Plataforma de Cooperativas de las Ame\u0301ricas para el Desarrollo \u2013 PCAD <\/p>\n<p style=\"text-align: center;\"><a class=\"button link\" href=\"https:\/\/docs.google.com\/forms\/d\/19HFjKk4_D-HN8tkuuw8jFpRMxFMaD1zeu-6J2YuxV_k\/viewform?edit_requested=true\">Registro ac\u00e1<\/a><\/p>\n<\/h6>\n<\/div>\n<div class=\"session_speakers\">Por&nbsp;<strong><a href=\"https:\/\/www.aciamericas.coop\/xxiconferencia\/speaker\/union-europea\/\">Union Europea<\/a><\/strong>&nbsp;<\/div>\n<\/div>\n<p><br class=\"clear\"\/><\/div>\n<div id=\"excerpt_1506\" class=\"session_content_extend hide session_content_wrapper\">\n<div class=\"session_content has_speaker_thumb\">\n<div class=\"session_start_time\">14:00&nbsp;&#8211;&nbsp;18:00<\/div>\n<div class=\"session_excerpt\">El objetivo de este evento es fortalecer la Plata- forma de Cooperativas de las Ame\u0301ricas para el Desarrollo a trave\u0301s de la intensificada colaboracio\u0301n de los miembros, el intercambio de experiencias y la adhesio\u0301n de nuevos miembros.<\/p>\n<p>Para participar en esta actividad gratuita debe realizar inscripcio\u0301n previa.<\/p><\/div>\n<div class=\"session_title_list\"><span class=\"ti-bookmark\"><\/span><\/p>\n<div class=\"session_title_item\">Conferencia Regional<\/div>\n<div class=\"session_title_item\">Uni\u00f3n Europea<\/div>\n<\/div>\n<\/div>\n<p><br class=\"clear\"\/><\/div>\n<\/li>\n<li class=\"themeborder conferencia-regional \">\n<div class=\"session_content_wrapper expandable\" data-expandid=\"excerpt_1505\">\n<div class=\"session_speaker_thumb\"><img decoding=\"async\" src=\"https:\/\/www.aciamericas.coop\/xxiconferencia\/wp-content\/uploads\/2019\/05\/XXI-Conferencia-regional-logo-031-150x150.png\" alt=\"XXI Conferencia Regional\"\/><\/div>\n<div class=\"session_content has_speaker_thumb\">\n<div class=\"session_start_time\">14:00<\/div>\n<div class=\"session_title\">\n<h6>ODS 1,  Fin de la pobreza  ODS 10, reducci\u00f3n de las desigualdades<\/h6>\n<\/div>\n<div class=\"session_speakers\">Por&nbsp;<strong><a href=\"https:\/\/www.aciamericas.coop\/xxiconferencia\/speaker\/xxi-conferencia-regional\/\">XXI Conferencia Regional<\/a><\/strong>&nbsp;XXI Conferencia Regional<\/div>\n<\/div>\n<p><br class=\"clear\"\/><\/div>\n<div id=\"excerpt_1505\" class=\"session_content_extend hide session_content_wrapper\">\n<div class=\"session_content has_speaker_thumb\">\n<div class=\"session_start_time\">14:00&nbsp;&#8211;&nbsp;18:00<\/div>\n<div class=\"session_title_list\"><span class=\"ti-bookmark\"><\/span><\/p>\n<div class=\"session_title_item\">Conferencia Regional<\/div>\n<\/div>\n<\/div>\n<p><br class=\"clear\"\/><\/div>\n<\/li>\n<li class=\"themeborder conferencia-regional \">\n<div class=\"session_content_wrapper expandable\" data-expandid=\"excerpt_1107\">\n<div class=\"session_speaker_thumb\"><img decoding=\"async\" src=\"https:\/\/www.aciamericas.coop\/xxiconferencia\/wp-content\/uploads\/2019\/05\/XXI-Conferencia-regional-logo-031-150x150.png\" alt=\"XXI Conferencia Regional\"\/><\/div>\n<div class=\"session_content has_speaker_thumb\">\n<div class=\"session_start_time\">18:00<\/div>\n<div class=\"session_title\">\n<h6>Actividades cerradas para Conferencistas<\/h6>\n<\/div>\n<div class=\"session_speakers\">Por&nbsp;<strong><a href=\"https:\/\/www.aciamericas.coop\/xxiconferencia\/speaker\/xxi-conferencia-regional\/\">XXI Conferencia Regional<\/a><\/strong>&nbsp;XXI Conferencia Regional<\/div>\n<\/div>\n<p><br class=\"clear\"\/><\/div>\n<div id=\"excerpt_1107\" class=\"session_content_extend hide session_content_wrapper\">\n<div class=\"session_content has_speaker_thumb\">\n<div class=\"session_start_time\">18:00&nbsp;&#8211;&nbsp;20:00<\/div>\n<div class=\"session_title_list\"><span class=\"ti-bookmark\"><\/span><\/p>\n<div class=\"session_title_item\">Conferencia Regional<\/div>\n<\/div>\n<div class=\"session_location themeborder\">\n<div class=\"session_location_label skin_color\">Where<\/div>\n<div class=\"session_location_content\">Hotel Intercontinental<\/div>\n<\/div>\n<\/div>\n<p><br class=\"clear\"\/><\/div>\n<\/li>\n<\/ul>\n<ul id=\"miercoles\" class=\"scheduleday_wrapper themeborder tab_content hide\">\n<li class=\"themeborder xxi-congreso \">\n<div class=\"session_content_wrapper expandable\" data-expandid=\"excerpt_227\">\n<div class=\"session_speaker_thumb\"><img decoding=\"async\" src=\"https:\/\/www.aciamericas.coop\/xxiconferencia\/wp-content\/uploads\/2019\/05\/logocongreso-150x150.png\" alt=\"Congreso Continental\"\/><\/div>\n<div class=\"session_content has_speaker_thumb\">\n<div class=\"session_start_time\">14:00<\/div>\n<div class=\"session_title\">\n<h6>Inscripciones y retiro de documentaci\u00f3n<\/h6>\n<\/div>\n<div class=\"session_speakers\">Por&nbsp;<strong><a href=\"https:\/\/www.aciamericas.coop\/xxiconferencia\/speaker\/congreso-continental\/\">Congreso Continental<\/a><\/strong>&nbsp;Congreso continental<\/div>\n<\/div>\n<p><br class=\"clear\"\/><\/div>\n<div id=\"excerpt_227\" class=\"session_content_extend hide session_content_wrapper\">\n<div class=\"session_content has_speaker_thumb\">\n<div class=\"session_start_time\">14:00&nbsp;&#8211;&nbsp;16:15<\/div>\n<div class=\"session_excerpt\">Inscripciones y retiro de documentaci\u00f3n<\/div>\n<div class=\"session_title_list\"><span class=\"ti-bookmark\"><\/span><\/p>\n<div class=\"session_title_item\">Congreso continental de derecho cooperativo<\/div>\n<\/div>\n<div class=\"session_location themeborder\">\n<div class=\"session_location_label skin_color\">Where<\/div>\n<div class=\"session_location_content\">Hotel Intercontinental de escaz\u00f9<\/div>\n<\/div>\n<\/div>\n<p><br class=\"clear\"\/><\/div>\n<\/li>\n<li class=\"themeborder conferencia-regional \">\n<div class=\"session_content_wrapper expandable\" data-expandid=\"excerpt_1109\">\n<div class=\"session_speaker_thumb\"><img decoding=\"async\" src=\"https:\/\/www.aciamericas.coop\/xxiconferencia\/wp-content\/uploads\/2019\/05\/XXI-Conferencia-regional-logo-031-150x150.png\" alt=\"XXI Conferencia Regional\"\/><\/div>\n<div class=\"session_content has_speaker_thumb\">\n<div class=\"session_start_time\">09:00<\/div>\n<div class=\"session_title\">\n<h6>CONFERENCIA MAGISTRAL<\/h6>\n<\/div>\n<div class=\"session_speakers\">Por&nbsp;<strong><a href=\"https:\/\/www.aciamericas.coop\/xxiconferencia\/speaker\/xxi-conferencia-regional\/\">XXI Conferencia Regional<\/a><\/strong>&nbsp;XXI Conferencia Regional<\/div>\n<\/div>\n<p><br class=\"clear\"\/><\/div>\n<div id=\"excerpt_1109\" class=\"session_content_extend hide session_content_wrapper\">\n<div class=\"session_content has_speaker_thumb\">\n<div class=\"session_start_time\">09:00&nbsp;&#8211;&nbsp;10:15<\/div>\n<div class=\"session_title_list\"><span class=\"ti-bookmark\"><\/span><\/p>\n<div class=\"session_title_item\">Conferencia Regional<\/div>\n<\/div>\n<div class=\"session_location themeborder\">\n<div class=\"session_location_label skin_color\">Where<\/div>\n<div class=\"session_location_content\">Hotel Intercontinental<\/div>\n<\/div>\n<\/div>\n<p><br class=\"clear\"\/><\/div>\n<\/li>\n<li class=\"themeborder xxi-congreso \">\n<div class=\"session_content_wrapper expandable\" data-expandid=\"excerpt_1543\">\n<div class=\"session_speaker_thumb\"><img decoding=\"async\" src=\"https:\/\/www.aciamericas.coop\/xxiconferencia\/wp-content\/uploads\/2019\/05\/logocongreso-150x150.png\" alt=\"Congreso Continental\"\/><\/div>\n<div class=\"session_content has_speaker_thumb\">\n<div class=\"session_start_time\">17:30<\/div>\n<div class=\"session_title\">\n<h6>Participaci\u00f3n en la clausura de la XXI Conferencia Regional de Cooperativas de las Am\u00e9ricas<\/h6>\n<\/div>\n<div class=\"session_speakers\">Por&nbsp;<strong><a href=\"https:\/\/www.aciamericas.coop\/xxiconferencia\/speaker\/congreso-continental\/\">Congreso Continental<\/a><\/strong>&nbsp;Congreso continental<\/div>\n<\/div>\n<p><br class=\"clear\"\/><\/div>\n<div id=\"excerpt_1543\" class=\"session_content_extend hide session_content_wrapper\">\n<div class=\"session_content has_speaker_thumb\">\n<div class=\"session_start_time\">17:30&nbsp;&#8211;&nbsp;18:30<\/div>\n<div class=\"session_title_list\"><span class=\"ti-bookmark\"><\/span><\/p>\n<div class=\"session_title_item\">Congreso continental de derecho cooperativo<\/div>\n<\/div>\n<div class=\"session_location themeborder\">\n<div class=\"session_location_label skin_color\">Where<\/div>\n<div class=\"session_location_content\">Hotel Intercontinental de escaz\u00fa<\/div>\n<\/div>\n<\/div>\n<p><br class=\"clear\"\/><\/div>\n<\/li>\n<li class=\"themeborder conferencia-regional \">\n<div class=\"session_content_wrapper expandable\" data-expandid=\"excerpt_1111\">\n<div class=\"session_speaker_thumb\"><img decoding=\"async\" src=\"https:\/\/www.aciamericas.coop\/xxiconferencia\/wp-content\/uploads\/2019\/05\/XXI-Conferencia-regional-logo-031-150x150.png\" alt=\"XXI Conferencia Regional\"\/><\/div>\n<div class=\"session_content has_speaker_thumb\">\n<div class=\"session_start_time\">10:45<\/div>\n<div class=\"session_title\">\n<h6>PANEL EXPERTOS Y CASOS EXITOSOS DE SECTORES COOPERATIVOS SOBRE  Econom\u00eda del Conocimiento<\/h6>\n<\/div>\n<div class=\"session_speakers\">Por&nbsp;<strong><a href=\"https:\/\/www.aciamericas.coop\/xxiconferencia\/speaker\/xxi-conferencia-regional\/\">XXI Conferencia Regional<\/a><\/strong>&nbsp;XXI Conferencia Regional<\/div>\n<\/div>\n<p><br class=\"clear\"\/><\/div>\n<div id=\"excerpt_1111\" class=\"session_content_extend hide session_content_wrapper\">\n<div class=\"session_content has_speaker_thumb\">\n<div class=\"session_start_time\">10:45&nbsp;&#8211;&nbsp;12:00<\/div>\n<div class=\"session_title_list\"><span class=\"ti-bookmark\"><\/span><\/p>\n<div class=\"session_title_item\">Conferencia Regional<\/div>\n<\/div>\n<div class=\"session_location themeborder\">\n<div class=\"session_location_label skin_color\">Where<\/div>\n<div class=\"session_location_content\">Hotel Intercontinental<\/div>\n<\/div>\n<\/div>\n<p><br class=\"clear\"\/><\/div>\n<\/li>\n<li class=\"themeborder xxi-congreso \">\n<div class=\"session_content_wrapper expandable\" data-expandid=\"excerpt_1024\">\n<div class=\"session_speaker_thumb\"><img decoding=\"async\" src=\"https:\/\/www.aciamericas.coop\/xxiconferencia\/wp-content\/uploads\/2019\/05\/logocongreso-150x150.png\" alt=\"Congreso Continental\"\/><\/div>\n<div class=\"session_content has_speaker_thumb\">\n<div class=\"session_start_time\">16:30<\/div>\n<div class=\"session_title\">\n<h6>Acto inaugural Presidente del Congreso, Dante Cracogna Presidente del Colegio de Abogados y Abogadas de Costa Rica, Lic. Juan Le\u00f3n Blanco Decano Facultad de Derecho de la Universidad de Costa Rica, Dr. Alfredo Chirino Presidente de la Corte Suprema de Justicia de Costa Rica, Dr. Fernando Cruz Castro Presidente de Cooperativas de las Am\u00e9ricas, Dra. Graciela Fern\u00e1ndez Presidente de la Alianza Cooperativa Internacional. Dr. Ariel Guarco<\/h6>\n<\/div>\n<div class=\"session_speakers\">Por&nbsp;<strong><a href=\"https:\/\/www.aciamericas.coop\/xxiconferencia\/speaker\/congreso-continental\/\">Congreso Continental<\/a><\/strong>&nbsp;Congreso continental<\/div>\n<\/div>\n<p><br class=\"clear\"\/><\/div>\n<div id=\"excerpt_1024\" class=\"session_content_extend hide session_content_wrapper\">\n<div class=\"session_content has_speaker_thumb\">\n<div class=\"session_start_time\">16:30&nbsp;&#8211;&nbsp;17:30<\/div>\n<div class=\"session_title_list\"><span class=\"ti-bookmark\"><\/span><\/p>\n<div class=\"session_title_item\">Congreso continental de derecho cooperativo<\/div>\n<\/div>\n<div class=\"session_location themeborder\">\n<div class=\"session_location_label skin_color\">Where<\/div>\n<div class=\"session_location_content\">Hotel Intercontinental de escaz\u00f9<\/div>\n<\/div>\n<\/div>\n<p><br class=\"clear\"\/><\/div>\n<\/li>\n<li class=\"themeborder conferencia-regional \">\n<div class=\"session_content_wrapper expandable\" data-expandid=\"excerpt_1507\">\n<div class=\"session_speaker_thumb\"><img decoding=\"async\" src=\"https:\/\/www.aciamericas.coop\/xxiconferencia\/wp-content\/uploads\/2019\/05\/XXI-Conferencia-regional-logo-031-150x150.png\" alt=\"XXI Conferencia Regional\"\/><\/div>\n<div class=\"session_content has_speaker_thumb\">\n<div class=\"session_start_time\">12:00<\/div>\n<div class=\"session_title\">\n<h6>Ceremonia de Nuevos Miembros y entrega de Certificados de Balance Social Cooperativo<\/h6>\n<\/div>\n<div class=\"session_speakers\">Por&nbsp;<strong><a href=\"https:\/\/www.aciamericas.coop\/xxiconferencia\/speaker\/xxi-conferencia-regional\/\">XXI Conferencia Regional<\/a><\/strong>&nbsp;XXI Conferencia Regional<\/div>\n<\/div>\n<p><br class=\"clear\"\/><\/div>\n<div id=\"excerpt_1507\" class=\"session_content_extend hide session_content_wrapper\">\n<div class=\"session_content has_speaker_thumb\">\n<div class=\"session_start_time\">12:00&nbsp;&#8211;&nbsp;12:30<\/div>\n<div class=\"session_title_list\"><span class=\"ti-bookmark\"><\/span><\/p>\n<div class=\"session_title_item\">Conferencia Regional<\/div>\n<\/div>\n<\/div>\n<p><br class=\"clear\"\/><\/div>\n<\/li>\n<li class=\"themeborder conferencia-regional \">\n<div class=\"session_content_wrapper expandable\" data-expandid=\"excerpt_1113\">\n<div class=\"session_speaker_thumb\"><img decoding=\"async\" src=\"https:\/\/www.aciamericas.coop\/xxiconferencia\/wp-content\/uploads\/2019\/05\/XXI-Conferencia-regional-logo-031-150x150.png\" alt=\"XXI Conferencia Regional\"\/><\/div>\n<div class=\"session_content has_speaker_thumb\">\n<div class=\"session_start_time\">12:00<\/div>\n<div class=\"session_title\">\n<h6>Break<\/h6>\n<\/div>\n<div class=\"session_speakers\">Por&nbsp;<strong><a href=\"https:\/\/www.aciamericas.coop\/xxiconferencia\/speaker\/xxi-conferencia-regional\/\">XXI Conferencia Regional<\/a><\/strong>&nbsp;XXI Conferencia Regional<\/div>\n<\/div>\n<p><br class=\"clear\"\/><\/div>\n<div id=\"excerpt_1113\" class=\"session_content_extend hide session_content_wrapper\">\n<div class=\"session_content has_speaker_thumb\">\n<div class=\"session_start_time\">12:00&nbsp;&#8211;&nbsp;14:00<\/div>\n<div class=\"session_title_list\"><span class=\"ti-bookmark\"><\/span><\/p>\n<div class=\"session_title_item\">Conferencia Regional<\/div>\n<\/div>\n<div class=\"session_location themeborder\">\n<div class=\"session_location_label skin_color\">Where<\/div>\n<div class=\"session_location_content\">Hotel Intercontinental<\/div>\n<\/div>\n<\/div>\n<p><br class=\"clear\"\/><\/div>\n<\/li>\n<li class=\"themeborder conferencia-regional union-europea \">\n<div class=\"session_content_wrapper expandable\" data-expandid=\"excerpt_1115\">\n<div class=\"session_speaker_thumb\"><img decoding=\"async\" src=\"https:\/\/www.aciamericas.coop\/xxiconferencia\/wp-content\/uploads\/2019\/10\/1200px-Flag_of_Europe.svg_-150x150.png\" alt=\"Union Europea\"\/><\/div>\n<div class=\"session_content has_speaker_thumb\">\n<div class=\"session_start_time\">14:00<\/div>\n<div class=\"session_title\">\n<h6>Presentaci\u00f3n resultados del 1er HACKATHON COOPERATIVO DE LAS AMERICAS<\/h6>\n<\/div>\n<div class=\"session_speakers\">Por&nbsp;<strong><a href=\"https:\/\/www.aciamericas.coop\/xxiconferencia\/speaker\/union-europea\/\">Union Europea<\/a><\/strong>&nbsp;<\/div>\n<\/div>\n<p><br class=\"clear\"\/><\/div>\n<div id=\"excerpt_1115\" class=\"session_content_extend hide session_content_wrapper\">\n<div class=\"session_content has_speaker_thumb\">\n<div class=\"session_start_time\">14:00&nbsp;&#8211;&nbsp;15:00<\/div>\n<div class=\"session_title_list\"><span class=\"ti-bookmark\"><\/span><\/p>\n<div class=\"session_title_item\">Conferencia Regional<\/div>\n<div class=\"session_title_item\">Uni\u00f3n Europea<\/div>\n<\/div>\n<div class=\"session_location themeborder\">\n<div class=\"session_location_label skin_color\">Where<\/div>\n<div class=\"session_location_content\">Hotel Intercontinental<\/div>\n<\/div>\n<\/div>\n<p><br class=\"clear\"\/><\/div>\n<\/li>\n<li class=\"themeborder xxi-congreso \">\n<div class=\"session_content_wrapper expandable\" data-expandid=\"excerpt_1030\">\n<div class=\"session_speaker_thumb\"><img decoding=\"async\" src=\"https:\/\/www.aciamericas.coop\/xxiconferencia\/wp-content\/uploads\/2019\/05\/logocongreso-150x150.png\" alt=\"Congreso Continental\"\/><\/div>\n<div class=\"session_content has_speaker_thumb\">\n<div class=\"session_start_time\">21:00<\/div>\n<div class=\"session_title\">\n<h6>Participaci\u00f3n en el show cultural y  cena  de clausura de la XXI Conferencia Regional  de Cooperativas de las Am\u00e9ricas<\/h6>\n<\/div>\n<div class=\"session_speakers\">Por&nbsp;<strong><a href=\"https:\/\/www.aciamericas.coop\/xxiconferencia\/speaker\/congreso-continental\/\">Congreso Continental<\/a><\/strong>&nbsp;Congreso continental<\/div>\n<\/div>\n<p><br class=\"clear\"\/><\/div>\n<div id=\"excerpt_1030\" class=\"session_content_extend hide session_content_wrapper\">\n<div class=\"session_content has_speaker_thumb\">\n<div class=\"session_start_time\">21:00&nbsp;&#8211;&nbsp;23:00<\/div>\n<div class=\"session_title_list\"><span class=\"ti-bookmark\"><\/span><\/p>\n<div class=\"session_title_item\">Congreso continental de derecho cooperativo<\/div>\n<\/div>\n<div class=\"session_location themeborder\">\n<div class=\"session_location_label skin_color\">Where<\/div>\n<div class=\"session_location_content\">Hotel Intercontinental<\/div>\n<\/div>\n<\/div>\n<p><br class=\"clear\"\/><\/div>\n<\/li>\n<li class=\"themeborder conferencia-regional \">\n<div class=\"session_content_wrapper expandable\" data-expandid=\"excerpt_1123\">\n<div class=\"session_speaker_thumb\"><img decoding=\"async\" src=\"https:\/\/www.aciamericas.coop\/xxiconferencia\/wp-content\/uploads\/2019\/05\/XXI-Conferencia-regional-logo-031-150x150.png\" alt=\"XXI Conferencia Regional\"\/><\/div>\n<div class=\"session_content has_speaker_thumb\">\n<div class=\"session_start_time\">21:00<\/div>\n<div class=\"session_title\">\n<h6>Show cultural y cena de clausura<\/h6>\n<\/div>\n<div class=\"session_speakers\">Por&nbsp;<strong><a href=\"https:\/\/www.aciamericas.coop\/xxiconferencia\/speaker\/xxi-conferencia-regional\/\">XXI Conferencia Regional<\/a><\/strong>&nbsp;XXI Conferencia Regional<\/div>\n<\/div>\n<p><br class=\"clear\"\/><\/div>\n<div id=\"excerpt_1123\" class=\"session_content_extend hide session_content_wrapper\">\n<div class=\"session_content has_speaker_thumb\">\n<div class=\"session_start_time\">21:00&nbsp;&#8211;&nbsp;23:00<\/div>\n<div class=\"session_title_list\"><span class=\"ti-bookmark\"><\/span><\/p>\n<div class=\"session_title_item\">Conferencia Regional<\/div>\n<\/div>\n<div class=\"session_location themeborder\">\n<div class=\"session_location_label skin_color\">Where<\/div>\n<div class=\"session_location_content\">Hotel Intercontinental<\/div>\n<\/div>\n<\/div>\n<p><br class=\"clear\"\/><\/div>\n<\/li>\n<li class=\"themeborder conferencia-regional \">\n<div class=\"session_content_wrapper expandable\" data-expandid=\"excerpt_1121\">\n<div class=\"session_speaker_thumb\"><img decoding=\"async\" src=\"https:\/\/www.aciamericas.coop\/xxiconferencia\/wp-content\/uploads\/2019\/05\/XXI-Conferencia-regional-logo-031-150x150.png\" alt=\"XXI Conferencia Regional\"\/><\/div>\n<div class=\"session_content has_speaker_thumb\">\n<div class=\"session_start_time\">16:30<\/div>\n<div class=\"session_title\">\n<h6>Acto Inaugural del 50 CONGRESO CONTINENTAL DE DERECHO COOPERATIVO<\/h6>\n<\/div>\n<div class=\"session_speakers\">Por&nbsp;<strong><a href=\"https:\/\/www.aciamericas.coop\/xxiconferencia\/speaker\/xxi-conferencia-regional\/\">XXI Conferencia Regional<\/a><\/strong>&nbsp;XXI Conferencia Regional<\/div>\n<\/div>\n<p><br class=\"clear\"\/><\/div>\n<div id=\"excerpt_1121\" class=\"session_content_extend hide session_content_wrapper\">\n<div class=\"session_content has_speaker_thumb\">\n<div class=\"session_start_time\">16:30&nbsp;&#8211;&nbsp;17:30<\/div>\n<div class=\"session_title_list\"><span class=\"ti-bookmark\"><\/span><\/p>\n<div class=\"session_title_item\">Conferencia Regional<\/div>\n<\/div>\n<div class=\"session_location themeborder\">\n<div class=\"session_location_label skin_color\">Where<\/div>\n<div class=\"session_location_content\">Hotel Intercontinental<\/div>\n<\/div>\n<\/div>\n<p><br class=\"clear\"\/><\/div>\n<\/li>\n<li class=\"themeborder conferencia-regional \">\n<div class=\"session_content_wrapper expandable\" data-expandid=\"excerpt_1119\">\n<div class=\"session_speaker_thumb\"><img decoding=\"async\" src=\"https:\/\/www.aciamericas.coop\/xxiconferencia\/wp-content\/uploads\/2019\/05\/XXI-Conferencia-regional-logo-031-150x150.png\" alt=\"XXI Conferencia Regional\"\/><\/div>\n<div class=\"session_content has_speaker_thumb\">\n<div class=\"session_start_time\">17:30<\/div>\n<div class=\"session_title\">\n<h6>CONFERENCIA MAGISTRAL de Clausura<\/h6>\n<\/div>\n<div class=\"session_speakers\">Por&nbsp;<strong><a href=\"https:\/\/www.aciamericas.coop\/xxiconferencia\/speaker\/xxi-conferencia-regional\/\">XXI Conferencia Regional<\/a><\/strong>&nbsp;XXI Conferencia Regional<\/div>\n<\/div>\n<p><br class=\"clear\"\/><\/div>\n<div id=\"excerpt_1119\" class=\"session_content_extend hide session_content_wrapper\">\n<div class=\"session_content has_speaker_thumb\">\n<div class=\"session_start_time\">17:30&nbsp;&#8211;&nbsp;18:30<\/div>\n<div class=\"session_title_list\"><span class=\"ti-bookmark\"><\/span><\/p>\n<div class=\"session_title_item\">Conferencia Regional<\/div>\n<\/div>\n<div class=\"session_location themeborder\">\n<div class=\"session_location_label skin_color\">Where<\/div>\n<div class=\"session_location_content\">Hotel Intercontinental<\/div>\n<\/div>\n<\/div>\n<p><br class=\"clear\"\/><\/div>\n<\/li>\n<\/ul>\n<ul id=\"viernes\" class=\"scheduleday_wrapper themeborder tab_content hide\">\n<li class=\"themeborder conferencia-regional \">\n<div class=\"session_content_wrapper expandable\" data-expandid=\"excerpt_1131\">\n<div class=\"session_speaker_thumb\"><img decoding=\"async\" src=\"https:\/\/www.aciamericas.coop\/xxiconferencia\/wp-content\/uploads\/2019\/05\/XXI-Conferencia-regional-logo-031-150x150.png\" alt=\"XXI Conferencia Regional\"\/><\/div>\n<div class=\"session_content has_speaker_thumb\">\n<div class=\"session_start_time\">07:00<\/div>\n<div class=\"session_title\">\n<h6>No hay actividad este d\u00eda<\/h6>\n<\/div>\n<div class=\"session_speakers\">Por&nbsp;<strong><a href=\"https:\/\/www.aciamericas.coop\/xxiconferencia\/speaker\/xxi-conferencia-regional\/\">XXI Conferencia Regional<\/a><\/strong>&nbsp;XXI Conferencia Regional<\/div>\n<\/div>\n<p><br class=\"clear\"\/><\/div>\n<div id=\"excerpt_1131\" class=\"session_content_extend hide session_content_wrapper\">\n<div class=\"session_content has_speaker_thumb\">\n<div class=\"session_start_time\">07:00&nbsp;&#8211;&nbsp;22:00<\/div>\n<div class=\"session_title_list\"><span class=\"ti-bookmark\"><\/span><\/p>\n<div class=\"session_title_item\">Conferencia Regional<\/div>\n<\/div>\n<\/div>\n<p><br class=\"clear\"\/><\/div>\n<\/li>\n<li class=\"themeborder xxi-congreso \">\n<div class=\"session_content_wrapper expandable\" data-expandid=\"excerpt_263\">\n<div class=\"session_speaker_thumb\"><img decoding=\"async\" src=\"https:\/\/www.aciamericas.coop\/xxiconferencia\/wp-content\/uploads\/2019\/05\/logocongreso-150x150.png\" alt=\"Congreso Continental\"\/><\/div>\n<div class=\"session_content has_speaker_thumb\">\n<div class=\"session_start_time\">9:00<\/div>\n<div class=\"session_title\">\n<h6>Trabajo de comisiones<\/h6>\n<\/div>\n<div class=\"session_speakers\">Por&nbsp;<strong><a href=\"https:\/\/www.aciamericas.coop\/xxiconferencia\/speaker\/congreso-continental\/\">Congreso Continental<\/a><\/strong>&nbsp;Congreso continental<\/div>\n<\/div>\n<p><br class=\"clear\"\/><\/div>\n<div id=\"excerpt_263\" class=\"session_content_extend hide session_content_wrapper\">\n<div class=\"session_content has_speaker_thumb\">\n<div class=\"session_start_time\">9:00&nbsp;&#8211;&nbsp;10:30<\/div>\n<div class=\"session_title_list\"><span class=\"ti-bookmark\"><\/span><\/p>\n<div class=\"session_title_item\">Congreso continental de derecho cooperativo<\/div>\n<\/div>\n<div class=\"session_location themeborder\">\n<div class=\"session_location_label skin_color\">Where<\/div>\n<div class=\"session_location_content\">Edificio cooperativo<\/div>\n<\/div>\n<\/div>\n<p><br class=\"clear\"\/><\/div>\n<\/li>\n<li class=\"themeborder xxi-congreso \">\n<div class=\"session_content_wrapper expandable\" data-expandid=\"excerpt_249\">\n<div class=\"session_speaker_thumb\"><img decoding=\"async\" src=\"https:\/\/www.aciamericas.coop\/xxiconferencia\/wp-content\/uploads\/2019\/05\/logocongreso-150x150.png\" alt=\"Congreso Continental\"\/><\/div>\n<div class=\"session_content has_speaker_thumb\">\n<div class=\"session_start_time\">10:30<\/div>\n<div class=\"session_title\">\n<h6>Caf\u00e9<\/h6>\n<\/div>\n<div class=\"session_speakers\">Por&nbsp;<strong><a href=\"https:\/\/www.aciamericas.coop\/xxiconferencia\/speaker\/congreso-continental\/\">Congreso Continental<\/a><\/strong>&nbsp;Congreso continental<\/div>\n<\/div>\n<p><br class=\"clear\"\/><\/div>\n<div id=\"excerpt_249\" class=\"session_content_extend hide session_content_wrapper\">\n<div class=\"session_content has_speaker_thumb\">\n<div class=\"session_start_time\">10:30&nbsp;&#8211;&nbsp;11:00<\/div>\n<div class=\"session_title_list\"><span class=\"ti-bookmark\"><\/span><\/p>\n<div class=\"session_title_item\">Congreso continental de derecho cooperativo<\/div>\n<\/div>\n<div class=\"session_location themeborder\">\n<div class=\"session_location_label skin_color\">Where<\/div>\n<div class=\"session_location_content\">Colegio de Abogados<\/div>\n<\/div>\n<\/div>\n<p><br class=\"clear\"\/><\/div>\n<\/li>\n<li class=\"themeborder xxi-congreso \">\n<div class=\"session_content_wrapper expandable\" data-expandid=\"excerpt_262\">\n<div class=\"session_speaker_thumb\"><img decoding=\"async\" src=\"https:\/\/www.aciamericas.coop\/xxiconferencia\/wp-content\/uploads\/2019\/05\/logocongreso-150x150.png\" alt=\"Congreso Continental\"\/><\/div>\n<div class=\"session_content has_speaker_thumb\">\n<div class=\"session_start_time\">11:00<\/div>\n<div class=\"session_title\">\n<h6>Trabajo de comisiones<\/h6>\n<\/div>\n<div class=\"session_speakers\">Por&nbsp;<strong><a href=\"https:\/\/www.aciamericas.coop\/xxiconferencia\/speaker\/congreso-continental\/\">Congreso Continental<\/a><\/strong>&nbsp;Congreso continental<\/div>\n<\/div>\n<p><br class=\"clear\"\/><\/div>\n<div id=\"excerpt_262\" class=\"session_content_extend hide session_content_wrapper\">\n<div class=\"session_content has_speaker_thumb\">\n<div class=\"session_start_time\">11:00&nbsp;&#8211;&nbsp;13:00<\/div>\n<div class=\"session_title_list\"><span class=\"ti-bookmark\"><\/span><\/p>\n<div class=\"session_title_item\">Congreso continental de derecho cooperativo<\/div>\n<\/div>\n<div class=\"session_location themeborder\">\n<div class=\"session_location_label skin_color\">Where<\/div>\n<div class=\"session_location_content\">Colegio de Abogados<\/div>\n<\/div>\n<\/div>\n<p><br class=\"clear\"\/><\/div>\n<\/li>\n<li class=\"themeborder xxi-congreso \">\n<div class=\"session_content_wrapper expandable\" data-expandid=\"excerpt_1037\">\n<div class=\"session_speaker_thumb\"><img decoding=\"async\" src=\"https:\/\/www.aciamericas.coop\/xxiconferencia\/wp-content\/uploads\/2019\/05\/logocongreso-150x150.png\" alt=\"Congreso Continental\"\/><\/div>\n<div class=\"session_content has_speaker_thumb\">\n<div class=\"session_start_time\">12:30<\/div>\n<div class=\"session_title\">\n<h6>Almuerzo<\/h6>\n<\/div>\n<div class=\"session_speakers\">Por&nbsp;<strong><a href=\"https:\/\/www.aciamericas.coop\/xxiconferencia\/speaker\/congreso-continental\/\">Congreso Continental<\/a><\/strong>&nbsp;Congreso continental<\/div>\n<\/div>\n<p><br class=\"clear\"\/><\/div>\n<div id=\"excerpt_1037\" class=\"session_content_extend hide session_content_wrapper\">\n<div class=\"session_content has_speaker_thumb\">\n<div class=\"session_start_time\">12:30&nbsp;&#8211;&nbsp;14:30<\/div>\n<div class=\"session_title_list\"><span class=\"ti-bookmark\"><\/span><\/p>\n<div class=\"session_title_item\">Congreso continental de derecho cooperativo<\/div>\n<\/div>\n<div class=\"session_location themeborder\">\n<div class=\"session_location_label skin_color\">Where<\/div>\n<div class=\"session_location_content\">Colegio de Abogados<\/div>\n<\/div>\n<\/div>\n<p><br class=\"clear\"\/><\/div>\n<\/li>\n<li class=\"themeborder xxi-congreso \">\n<div class=\"session_content_wrapper expandable\" data-expandid=\"excerpt_261\">\n<div class=\"session_speaker_thumb\"><img decoding=\"async\" src=\"https:\/\/www.aciamericas.coop\/xxiconferencia\/wp-content\/uploads\/2019\/05\/logocongreso-150x150.png\" alt=\"Congreso Continental\"\/><\/div>\n<div class=\"session_content has_speaker_thumb\">\n<div class=\"session_start_time\">14:30<\/div>\n<div class=\"session_title\">\n<h6>Informe de avance de la investigaci\u00f3n Programa ACI-UE &#8220;Marcos legales cooperativos&#8221;: Luisa Fernanda Gallo Herr\u00e1n<\/h6>\n<\/div>\n<div class=\"session_speakers\">Por&nbsp;<strong><a href=\"https:\/\/www.aciamericas.coop\/xxiconferencia\/speaker\/congreso-continental\/\">Congreso Continental<\/a><\/strong>&nbsp;Congreso continental<\/div>\n<\/div>\n<p><br class=\"clear\"\/><\/div>\n<div id=\"excerpt_261\" class=\"session_content_extend hide session_content_wrapper\">\n<div class=\"session_content has_speaker_thumb\">\n<div class=\"session_start_time\">14:30&nbsp;&#8211;&nbsp;16:30<\/div>\n<div class=\"session_title_list\"><span class=\"ti-bookmark\"><\/span><\/p>\n<div class=\"session_title_item\">Congreso continental de derecho cooperativo<\/div>\n<\/div>\n<div class=\"session_location themeborder\">\n<div class=\"session_location_label skin_color\">Where<\/div>\n<div class=\"session_location_content\">Edificio cooperativo<\/div>\n<\/div>\n<\/div>\n<p><br class=\"clear\"\/><\/div>\n<\/li>\n<li class=\"themeborder xxi-congreso \">\n<div class=\"session_content_wrapper expandable\" data-expandid=\"excerpt_1551\">\n<div class=\"session_speaker_thumb\"><img decoding=\"async\" src=\"https:\/\/www.aciamericas.coop\/xxiconferencia\/wp-content\/uploads\/2019\/05\/logocongreso-150x150.png\" alt=\"Congreso Continental\"\/><\/div>\n<div class=\"session_content has_speaker_thumb\">\n<div class=\"session_start_time\">15:00<\/div>\n<div class=\"session_title\">\n<h6>Presentaci\u00f3n: \u201cImportancia de la herramienta CLARITY para facilitar el aprendizaje de la ley de cooperativas, analizar la aplicaci\u00f3n de los  principios cooperativos, identificar debilidades y proponer sugerencias, para mejorar el marco legal y el desempe\u00f1o del modelo cooperativo\u201d.  Dr. Oscar Inocente &#8211; Presentaci\u00f3n libro &#8220;Derecho  Cooperativo e Identidad Cooperativa&#8221;.<\/h6>\n<\/div>\n<div class=\"session_speakers\">Por&nbsp;<strong><a href=\"https:\/\/www.aciamericas.coop\/xxiconferencia\/speaker\/congreso-continental\/\">Congreso Continental<\/a><\/strong>&nbsp;Congreso continental<\/div>\n<\/div>\n<p><br class=\"clear\"\/><\/div>\n<div id=\"excerpt_1551\" class=\"session_content_extend hide session_content_wrapper\">\n<div class=\"session_content has_speaker_thumb\">\n<div class=\"session_start_time\">15:00&nbsp;&#8211;&nbsp;15:30<\/div>\n<div class=\"session_title_list\"><span class=\"ti-bookmark\"><\/span><\/p>\n<div class=\"session_title_item\">Congreso continental de derecho cooperativo<\/div>\n<\/div>\n<div class=\"session_location themeborder\">\n<div class=\"session_location_label skin_color\">Where<\/div>\n<div class=\"session_location_content\">Edificio cooperativo<\/div>\n<\/div>\n<\/div>\n<p><br class=\"clear\"\/><\/div>\n<\/li>\n<li class=\"themeborder xxi-congreso \">\n<div class=\"session_content_wrapper expandable\" data-expandid=\"excerpt_1694\">\n<div class=\"session_speaker_thumb\"><img decoding=\"async\" src=\"https:\/\/www.aciamericas.coop\/xxiconferencia\/wp-content\/uploads\/2019\/05\/logocongreso-150x150.png\" alt=\"Congreso Continental\"\/><\/div>\n<div class=\"session_content has_speaker_thumb\">\n<div class=\"session_start_time\">15:30<\/div>\n<div class=\"session_title\">\n<h6>Presentaci\u00f3n del libro &#8220;Derecho Cooperativo e Identidad Cooperativa&#8221;: Jos\u00e9 Eduardo de Miranda y Leonardo Rafael de Souza<\/h6>\n<\/div>\n<div class=\"session_speakers\">Por&nbsp;<strong><a href=\"https:\/\/www.aciamericas.coop\/xxiconferencia\/speaker\/congreso-continental\/\">Congreso Continental<\/a><\/strong>&nbsp;Congreso continental<\/div>\n<\/div>\n<p><br class=\"clear\"\/><\/div>\n<div id=\"excerpt_1694\" class=\"session_content_extend hide session_content_wrapper\">\n<div class=\"session_content has_speaker_thumb\">\n<div class=\"session_start_time\">15:30&nbsp;&#8211;&nbsp;16:00<\/div>\n<div class=\"session_title_list\"><span class=\"ti-bookmark\"><\/span><\/p>\n<div class=\"session_title_item\">Congreso continental de derecho cooperativo<\/div>\n<\/div>\n<div class=\"session_location themeborder\">\n<div class=\"session_location_label skin_color\">Where<\/div>\n<div class=\"session_location_content\">Edificio cooperativo<\/div>\n<\/div>\n<\/div>\n<p><br class=\"clear\"\/><\/div>\n<\/li>\n<li class=\"themeborder xxi-congreso \">\n<div class=\"session_content_wrapper expandable\" data-expandid=\"excerpt_1695\">\n<div class=\"session_speaker_thumb\"><img decoding=\"async\" src=\"https:\/\/www.aciamericas.coop\/xxiconferencia\/wp-content\/uploads\/2019\/05\/logocongreso-150x150.png\" alt=\"Congreso Continental\"\/><\/div>\n<div class=\"session_content has_speaker_thumb\">\n<div class=\"session_start_time\">16:00<\/div>\n<div class=\"session_title\">\n<h6>Presentaci\u00f3n de la Asociaci\u00f3n Internacional de Derecho Cooperativo: Eba Gaminde Egia<\/h6>\n<\/div>\n<div class=\"session_speakers\">Por&nbsp;<strong><a href=\"https:\/\/www.aciamericas.coop\/xxiconferencia\/speaker\/congreso-continental\/\">Congreso Continental<\/a><\/strong>&nbsp;Congreso continental<\/div>\n<\/div>\n<p><br class=\"clear\"\/><\/div>\n<div id=\"excerpt_1695\" class=\"session_content_extend hide session_content_wrapper\">\n<div class=\"session_content has_speaker_thumb\">\n<div class=\"session_start_time\">16:00&nbsp;&#8211;&nbsp;16:15<\/div>\n<div class=\"session_title_list\"><span class=\"ti-bookmark\"><\/span><\/p>\n<div class=\"session_title_item\">Congreso continental de derecho cooperativo<\/div>\n<\/div>\n<div class=\"session_location themeborder\">\n<div class=\"session_location_label skin_color\">Where<\/div>\n<div class=\"session_location_content\">Edificio cooperativo<\/div>\n<\/div>\n<\/div>\n<p><br class=\"clear\"\/><\/div>\n<\/li>\n<li class=\"themeborder xxi-congreso \">\n<div class=\"session_content_wrapper expandable\" data-expandid=\"excerpt_1696\">\n<div class=\"session_speaker_thumb\"><img decoding=\"async\" src=\"https:\/\/www.aciamericas.coop\/xxiconferencia\/wp-content\/uploads\/2019\/05\/logocongreso-150x150.png\" alt=\"Congreso Continental\"\/><\/div>\n<div class=\"session_content has_speaker_thumb\">\n<div class=\"session_start_time\">16:15<\/div>\n<div class=\"session_title\">\n<h6>Presentaci\u00f3n de Ius Cooperativum: Ifigeneia Doutvisa<\/h6>\n<\/div>\n<div class=\"session_speakers\">Por&nbsp;<strong><a href=\"https:\/\/www.aciamericas.coop\/xxiconferencia\/speaker\/congreso-continental\/\">Congreso Continental<\/a><\/strong>&nbsp;Congreso continental<\/div>\n<\/div>\n<p><br class=\"clear\"\/><\/div>\n<div id=\"excerpt_1696\" class=\"session_content_extend hide session_content_wrapper\">\n<div class=\"session_content has_speaker_thumb\">\n<div class=\"session_start_time\">16:15&nbsp;&#8211;&nbsp;16:30<\/div>\n<div class=\"session_title_list\"><span class=\"ti-bookmark\"><\/span><\/p>\n<div class=\"session_title_item\">Congreso continental de derecho cooperativo<\/div>\n<\/div>\n<div class=\"session_location themeborder\">\n<div class=\"session_location_label skin_color\">Where<\/div>\n<div class=\"session_location_content\">Edificio cooperativo<\/div>\n<\/div>\n<\/div>\n<p><br class=\"clear\"\/><\/div>\n<\/li>\n<li class=\"themeborder xxi-congreso \">\n<div class=\"session_content_wrapper expandable\" data-expandid=\"excerpt_260\">\n<div class=\"session_speaker_thumb\"><img decoding=\"async\" src=\"https:\/\/www.aciamericas.coop\/xxiconferencia\/wp-content\/uploads\/2019\/05\/logocongreso-150x150.png\" alt=\"Congreso Continental\"\/><\/div>\n<div class=\"session_content has_speaker_thumb\">\n<div class=\"session_start_time\">16:30<\/div>\n<div class=\"session_title\">\n<h6>Caf\u00e9<\/h6>\n<\/div>\n<div class=\"session_speakers\">Por&nbsp;<strong><a href=\"https:\/\/www.aciamericas.coop\/xxiconferencia\/speaker\/congreso-continental\/\">Congreso Continental<\/a><\/strong>&nbsp;Congreso continental<\/div>\n<\/div>\n<p><br class=\"clear\"\/><\/div>\n<div id=\"excerpt_260\" class=\"session_content_extend hide session_content_wrapper\">\n<div class=\"session_content has_speaker_thumb\">\n<div class=\"session_start_time\">16:30&nbsp;&#8211;&nbsp;17:00<\/div>\n<div class=\"session_title_list\"><span class=\"ti-bookmark\"><\/span><\/p>\n<div class=\"session_title_item\">Congreso continental de derecho cooperativo<\/div>\n<\/div>\n<div class=\"session_location themeborder\">\n<div class=\"session_location_label skin_color\">Where<\/div>\n<div class=\"session_location_content\">Colegio de Abogados<\/div>\n<\/div>\n<\/div>\n<p><br class=\"clear\"\/><\/div>\n<\/li>\n<li class=\"themeborder xxi-congreso \">\n<div class=\"session_content_wrapper expandable\" data-expandid=\"excerpt_1697\">\n<div class=\"session_speaker_thumb\"><img decoding=\"async\" src=\"https:\/\/www.aciamericas.coop\/xxiconferencia\/wp-content\/uploads\/2019\/05\/logocongreso-150x150.png\" alt=\"Congreso Continental\"\/><\/div>\n<div class=\"session_content has_speaker_thumb\">\n<div class=\"session_start_time\">17:00<\/div>\n<div class=\"session_title\">\n<h6>Presentaci\u00f3n de informes de las comisiones<\/h6>\n<\/div>\n<div class=\"session_speakers\">Por&nbsp;<strong><a href=\"https:\/\/www.aciamericas.coop\/xxiconferencia\/speaker\/congreso-continental\/\">Congreso Continental<\/a><\/strong>&nbsp;Congreso continental<\/div>\n<\/div>\n<p><br class=\"clear\"\/><\/div>\n<div id=\"excerpt_1697\" class=\"session_content_extend hide session_content_wrapper\">\n<div class=\"session_content has_speaker_thumb\">\n<div class=\"session_start_time\">17:00&nbsp;&#8211;&nbsp;17:30<\/div>\n<div class=\"session_title_list\"><span class=\"ti-bookmark\"><\/span><\/p>\n<div class=\"session_title_item\">Congreso continental de derecho cooperativo<\/div>\n<\/div>\n<div class=\"session_location themeborder\">\n<div class=\"session_location_label skin_color\">Where<\/div>\n<div class=\"session_location_content\">Edificio cooperativo<\/div>\n<\/div>\n<\/div>\n<p><br class=\"clear\"\/><\/div>\n<\/li>\n<li class=\"themeborder xxi-congreso \">\n<div class=\"session_content_wrapper expandable\" data-expandid=\"excerpt_1698\">\n<div class=\"session_speaker_thumb\"><img decoding=\"async\" src=\"https:\/\/www.aciamericas.coop\/xxiconferencia\/wp-content\/uploads\/2019\/05\/logocongreso-150x150.png\" alt=\"Congreso Continental\"\/><\/div>\n<div class=\"session_content has_speaker_thumb\">\n<div class=\"session_start_time\">17:30<\/div>\n<div class=\"session_title\">\n<h6>Conferencia del Presidente del Comit\u00e9 Jur\u00eddico de la ACI, Hagen Henr\u00ff: &#8220;Reflexiones sobre el derecho cooperativo&#8221;<\/h6>\n<\/div>\n<div class=\"session_speakers\">Por&nbsp;<strong><a href=\"https:\/\/www.aciamericas.coop\/xxiconferencia\/speaker\/congreso-continental\/\">Congreso Continental<\/a><\/strong>&nbsp;Congreso continental<\/div>\n<\/div>\n<p><br class=\"clear\"\/><\/div>\n<div id=\"excerpt_1698\" class=\"session_content_extend hide session_content_wrapper\">\n<div class=\"session_content has_speaker_thumb\">\n<div class=\"session_start_time\">17:30&nbsp;&#8211;&nbsp;18:15<\/div>\n<div class=\"session_title_list\"><span class=\"ti-bookmark\"><\/span><\/p>\n<div class=\"session_title_item\">Congreso continental de derecho cooperativo<\/div>\n<\/div>\n<div class=\"session_location themeborder\">\n<div class=\"session_location_label skin_color\">Where<\/div>\n<div class=\"session_location_content\">Edificio cooperativo<\/div>\n<\/div>\n<\/div>\n<p><br class=\"clear\"\/><\/div>\n<\/li>\n<li class=\"themeborder xxi-congreso \">\n<div class=\"session_content_wrapper expandable\" data-expandid=\"excerpt_1700\">\n<div class=\"session_speaker_thumb\"><img decoding=\"async\" src=\"https:\/\/www.aciamericas.coop\/xxiconferencia\/wp-content\/uploads\/2019\/05\/logocongreso-150x150.png\" alt=\"Congreso Continental\"\/><\/div>\n<div class=\"session_content has_speaker_thumb\">\n<div class=\"session_start_time\">18:15<\/div>\n<div class=\"session_title\">\n<h6>Homenaje al Primer Congreso Continental de Derecho Cooperativo David Esteller Ortega, participante del Primer Congreso Mar\u00eda Eugenia P\u00e9rez Zea, Representante de Cooperativas de las Am\u00e9ricas Dante Cracogna, presidente del Congreso Clausura<\/h6>\n<\/div>\n<div class=\"session_speakers\">Por&nbsp;<strong><a href=\"https:\/\/www.aciamericas.coop\/xxiconferencia\/speaker\/congreso-continental\/\">Congreso Continental<\/a><\/strong>&nbsp;Congreso continental<\/div>\n<\/div>\n<p><br class=\"clear\"\/><\/div>\n<div id=\"excerpt_1700\" class=\"session_content_extend hide session_content_wrapper\">\n<div class=\"session_content has_speaker_thumb\">\n<div class=\"session_start_time\">18:15&nbsp;&#8211;&nbsp;19:00<\/div>\n<div class=\"session_title_list\"><span class=\"ti-bookmark\"><\/span><\/p>\n<div class=\"session_title_item\">Congreso continental de derecho cooperativo<\/div>\n<\/div>\n<div class=\"session_location themeborder\">\n<div class=\"session_location_label skin_color\">Where<\/div>\n<div class=\"session_location_content\">Edificio cooperativo<\/div>\n<\/div>\n<\/div>\n<p><br class=\"clear\"\/><\/div>\n<\/li>\n<\/ul>\n<\/div>\n<\/div>\n<\/div>\n<\/div>\n<div class=\"standard_wrapper\">\n<div  class=\"one_half withsmallpadding ppb_header \" style=\"text-align:left;padding:40px 0 40px 0;\" >\n<div class=\"page_content_wrapper\">\n<div class=\"inner\">\n<div style=\"width:100%\">\n<h2 class=\"ppb_title\" style=\";text-align:left;\">Descargue el manual de bienvenida de las actividades del proyecto #Coops4dev\ud83c\udf0e<\/h2>\n<div class=\"ppb_header_content\">\n<p style=\"text-align: center;\"><a class=\"button link\" href=\"https:\/\/www.aciamericas.coop\/xxiconferencia\/wp-content\/uploads\/2019\/11\/Manual-de-bienvenida_UE_.pdf\">Descargar<\/a><\/p>\n<\/div>\n<\/div>\n<\/div>\n<\/div>\n<\/div>\n<\/div>\n<div class=\"standard_wrapper\">\n<div  class=\"one_half last withsmallpadding ppb_header \" style=\"text-align:left;padding:40px 0 40px 0;\" >\n<div class=\"page_content_wrapper\">\n<div class=\"inner\">\n<div style=\"width:100%\">\n<h2 class=\"ppb_title\" style=\";text-align:left;\">Agenda de laboratorios<\/h2>\n<div class=\"ppb_header_content\">\n<p style=\"text-align: center;\"><a class=\"button link\" href=\"https:\/\/www.aciamericas.coop\/xxiconferencia\/wp-content\/uploads\/2019\/11\/programa_2.pdf\">Descargar<\/a><\/p>\n<\/div>\n<\/div>\n<\/div>\n<\/div>\n<\/div>\n<\/div>\n","protected":false},"excerpt":{"rendered":"<p>Todos Conferencia Regional Congreso continental de derecho cooperativo Uni\u00f3n Europea Expandir todo + Jueves 21 de noviembre Lunes 18 de noviembre Martes 19 de noviembre Mi\u00e9rcoles 20 de noviembre Viernes 22 de noviembre 07:00 No hay actividad este d\u00eda Por&nbsp;XXI [&hellip;]<\/p>\n","protected":false},"author":2,"featured_media":0,"parent":0,"menu_order":0,"comment_status":"closed","ping_status":"closed","template":"","meta":{"footnotes":""},"class_list":["post-1015","page","type-page","status-publish","hentry"],"_links":{"self":[{"href":"https:\/\/www.aciamericas.coop\/xxiconferencia\/wp-json\/wp\/v2\/pages\/1015"}],"collection":[{"href":"https:\/\/www.aciamericas.coop\/xxiconferencia\/wp-json\/wp\/v2\/pages"}],"about":[{"href":"https:\/\/www.aciamericas.coop\/xxiconferencia\/wp-json\/wp\/v2\/types\/page"}],"author":[{"embeddable":true,"href":"https:\/\/www.aciamericas.coop\/xxiconferencia\/wp-json\/wp\/v2\/users\/2"}],"replies":[{"embeddable":true,"href":"https:\/\/www.aciamericas.coop\/xxiconferencia\/wp-json\/wp\/v2\/comments?post=1015"}],"version-history":[{"count":69,"href":"https:\/\/www.aciamericas.coop\/xxiconferencia\/wp-json\/wp\/v2\/pages\/1015\/revisions"}],"predecessor-version":[{"id":1712,"href":"https:\/\/www.aciamericas.coop\/xxiconferencia\/wp-json\/wp\/v2\/pages\/1015\/revisions\/1712"}],"wp:attachment":[{"href":"https:\/\/www.aciamericas.coop\/xxiconferencia\/wp-json\/wp\/v2\/media?parent=1015"}],"curies":[{"name":"wp","href":"https:\/\/api.w.org\/{rel}","templated":true}]}}