{"id":1166,"date":"2019-08-21T13:21:20","date_gmt":"2019-08-21T18:21:20","guid":{"rendered":"https:\/\/www.aciamericas.coop\/xxiconferencia\/?page_id=1166"},"modified":"2019-11-13T13:15:37","modified_gmt":"2019-11-13T18:15:37","slug":"alojamiento-congreso-continental-de-derecho-cooperativo","status":"publish","type":"page","link":"https:\/\/www.aciamericas.coop\/xxiconferencia\/alojamiento-congreso-continental-de-derecho-cooperativo\/","title":{"rendered":"Alojamiento Congreso Continental de Derecho Cooperativo"},"content":{"rendered":"<div  class=\"one fullwidth \"><link href=\"https:\/\/fonts.googleapis.com\/css?family=Poppins:600%2C700\" rel=\"stylesheet\" property=\"stylesheet\" type=\"text\/css\" media=\"all\">\n<div id=\"rev_slider_5_1_wrapper\" class=\"rev_slider_wrapper fullwidthbanner-container\" data-alias=\"slider-congreso\" data-source=\"gallery\" style=\"margin:0px auto;background:#000000;padding:0px;margin-top:0px;margin-bottom:0px;\">\n<!-- START REVOLUTION SLIDER 5.4.6.3 auto mode --><\/p>\n<div id=\"rev_slider_5_1\" class=\"rev_slider fullwidthabanner\" style=\"display:none;\" data-version=\"5.4.6.3\">\n<ul>\t<!-- SLIDE  --><\/p>\n<li data-index=\"rs-13\" data-transition=\"fade\" data-slotamount=\"default\" data-hideafterloop=\"0\" data-hideslideonmobile=\"off\"  data-easein=\"default\" data-easeout=\"default\" data-masterspeed=\"300\"  data-delay=\"5000\"  data-rotate=\"0\"  data-saveperformance=\"off\"  data-title=\"Slide\" data-param1=\"\" data-param2=\"\" data-param3=\"\" data-param4=\"\" data-param5=\"\" data-param6=\"\" data-param7=\"\" data-param8=\"\" data-param9=\"\" data-param10=\"\" data-description=\"\">\n\t\t<!-- MAIN IMAGE --><br \/>\n\t\t<img loading=\"lazy\" decoding=\"async\" src=\"https:\/\/www.aciamericas.coop\/xxiconferencia\/wp-content\/uploads\/2019\/09\/Sede_Colegio_Abogados.jpg\"  alt=\"\" title=\"Sede_Colegio_Abogados\"  width=\"1920\" height=\"1248\" data-bgposition=\"center center\" data-bgfit=\"cover\" data-bgrepeat=\"no-repeat\" class=\"rev-slidebg\" data-no-retina><br \/>\n\t\t<!-- LAYERS --><\/p>\n<p>\t\t<!-- LAYER NR. 1 --><\/p>\n<div class=\"tp-caption   tp-resizeme\" \n\t\t\t id=\"slide-13-layer-1\" \n\t\t\t data-x=\"center\" data-hoffset=\"\" \n\t\t\t data-y=\"center\" data-voffset=\"153\" \n\t\t\t\t\t\tdata-width=\"['auto']\"\n\t\t\tdata-height=\"['auto']\"\n \n\t\t\tdata-type=\"text\" \n\t\t\tdata-responsive_offset=\"on\" \n\n\t\t\tdata-frames='[{\"delay\":1000,\"speed\":800,\"frame\":\"0\",\"from\":\"z:0;rX:0;rY:0;rZ:0;sX:0.8;sY:0.8;skX:0;skY:0;opacity:0;\",\"to\":\"o:1;\",\"ease\":\"Power4.easeOut\"},{\"delay\":\"wait\",\"speed\":500,\"frame\":\"999\",\"to\":\"opacity:0;\",\"ease\":\"Power3.easeInOut\"}]'\n\t\t\tdata-textAlign=\"['inherit','inherit','inherit','inherit']\"\n\t\t\tdata-paddingtop=\"[0,0,0,0]\"\n\t\t\tdata-paddingright=\"[0,0,0,0]\"\n\t\t\tdata-paddingbottom=\"[0,0,0,0]\"\n\t\t\tdata-paddingleft=\"[0,0,0,0]\"\n\n\t\t\tstyle=\"z-index: 5; white-space: nowrap; font-size: 70px; line-height: 22px; font-weight: 600; color: rgba(255,255,255,1); letter-spacing: px;font-family:Poppins;text-transform:uppercase;text-shadow:2px 2px #000000;\">de Costa Rica <\/div>\n<p>\t\t<!-- LAYER NR. 2 --><\/p>\n<div class=\"tp-caption   tp-resizeme\" \n\t\t\t id=\"slide-13-layer-2\" \n\t\t\t data-x=\"center\" data-hoffset=\"\" \n\t\t\t data-y=\"center\" data-voffset=\"56\" \n\t\t\t\t\t\tdata-width=\"['auto']\"\n\t\t\tdata-height=\"['auto']\"\n \n\t\t\tdata-type=\"text\" \n\t\t\tdata-responsive_offset=\"on\" \n\n\t\t\tdata-frames='[{\"delay\":1000,\"speed\":800,\"frame\":\"0\",\"from\":\"z:0;rX:0;rY:0;rZ:0;sX:0.8;sY:0.8;skX:0;skY:0;opacity:0;\",\"to\":\"o:1;\",\"ease\":\"Power4.easeOut\"},{\"delay\":\"wait\",\"speed\":500,\"frame\":\"999\",\"to\":\"opacity:0;\",\"ease\":\"Power3.easeInOut\"}]'\n\t\t\tdata-textAlign=\"['inherit','inherit','inherit','inherit']\"\n\t\t\tdata-paddingtop=\"[0,0,0,0]\"\n\t\t\tdata-paddingright=\"[0,0,0,0]\"\n\t\t\tdata-paddingbottom=\"[0,0,0,0]\"\n\t\t\tdata-paddingleft=\"[0,0,0,0]\"\n\n\t\t\tstyle=\"z-index: 6; white-space: nowrap; font-size: 70px; line-height: 22px; font-weight: 700; color: rgba(255,255,255,1); letter-spacing: px;font-family:Poppins;text-transform:uppercase;text-shadow:2px 2px #000000;\">Colegio de Abogados y Abogadas <\/div>\n<p>\t\t<!-- LAYER NR. 3 --><\/p>\n<div class=\"tp-caption   tp-resizeme\" \n\t\t\t id=\"slide-13-layer-3\" \n\t\t\t data-x=\"center\" data-hoffset=\"\" \n\t\t\t data-y=\"center\" data-voffset=\"-47\" \n\t\t\t\t\t\tdata-width=\"['auto']\"\n\t\t\tdata-height=\"['auto']\"\n \n\t\t\tdata-type=\"text\" \n\t\t\tdata-responsive_offset=\"on\" \n\n\t\t\tdata-frames='[{\"delay\":1000,\"speed\":800,\"frame\":\"0\",\"from\":\"z:0;rX:0;rY:0;rZ:0;sX:0.9;sY:0.9;skX:0;skY:0;opacity:0;\",\"to\":\"o:1;\",\"ease\":\"Power2.easeOut\"},{\"delay\":\"wait\",\"speed\":500,\"frame\":\"999\",\"to\":\"opacity:0;\",\"ease\":\"Power3.easeInOut\"}]'\n\t\t\tdata-textAlign=\"['inherit','inherit','inherit','inherit']\"\n\t\t\tdata-paddingtop=\"[0,0,0,0]\"\n\t\t\tdata-paddingright=\"[0,0,0,0]\"\n\t\t\tdata-paddingbottom=\"[0,0,0,0]\"\n\t\t\tdata-paddingleft=\"[0,0,0,0]\"\n\n\t\t\tstyle=\"z-index: 7; white-space: nowrap; font-size: 70px; line-height: 22px; font-weight: 700; color: rgba(255,255,255,1); letter-spacing: px;font-family:Poppins;text-transform:uppercase;text-shadow:2px 2px #000000;\">Sede del evento <\/div>\n<\/li>\n<\/ul>\n<div class=\"tp-bannertimer tp-bottom\" style=\"visibility: hidden !important;\"><\/div>\n<\/p><\/div>\n<style><\/style>\n<p>\t\t<script type=\"text\/javascript\">\nsetREVStartSize({c: jQuery('#rev_slider_5_1'), gridwidth: [1240], gridheight: [520], sliderLayout: 'auto'});<\/p>\n<p>var revapi5,\n\ttpj=jQuery;<\/p>\n<p>tpj(document).ready(function() {\n\tif(tpj(\"#rev_slider_5_1\").revolution == undefined){\n\t\trevslider_showDoubleJqueryError(\"#rev_slider_5_1\");\n\t}else{\n\t\trevapi5 = tpj(\"#rev_slider_5_1\").show().revolution({\n\t\t\tsliderType:\"standard\",\n\t\t\tjsFileLocation:\"\/\/www.aciamericas.coop\/xxiconferencia\/wp-content\/plugins\/revslider\/public\/assets\/js\/\",\n\t\t\tsliderLayout:\"auto\",\n\t\t\tdottedOverlay:\"none\",\n\t\t\tdelay:9000,\n\t\t\tnavigation: {\n\t\t\t\tonHoverStop:\"off\",\n\t\t\t},\n\t\t\tvisibilityLevels:[1240,1024,778,480],\n\t\t\tgridwidth:1240,\n\t\t\tgridheight:520,\n\t\t\tlazyType:\"none\",\n\t\t\tshadow:0,\n\t\t\tspinner:\"spinner3\",\n\t\t\tstopLoop:\"off\",\n\t\t\tstopAfterLoops:-1,\n\t\t\tstopAtSlide:-1,\n\t\t\tshuffle:\"off\",\n\t\t\tautoHeight:\"off\",\n\t\t\tdisableProgressBar:\"on\",\n\t\t\thideThumbsOnMobile:\"off\",\n\t\t\thideSliderAtLimit:0,\n\t\t\thideCaptionAtLimit:0,\n\t\t\thideAllCaptionAtLilmit:0,\n\t\t\tdebugMode:false,\n\t\t\tfallbacks: {\n\t\t\t\tsimplifyAll:\"off\",\n\t\t\t\tnextSlideOnWindowFocus:\"off\",\n\t\t\t\tdisableFocusListener:false,\n\t\t\t}\n\t\t});\n\t}<\/p>\n<p>});\t\/*ready*\/\n<\/script><\/p>\n<style type=\"text\/css\">\t#rev_slider_5_1_wrapper .tp-loader.spinner3{ background-color: #ff2d55 !important; } <\/style>\n<\/div>\n<p><!-- END REVOLUTION SLIDER --><\/div>\n<div  class=\"one withsmallpadding ppb_header \" style=\"text-align:center;padding:60px 0 60px 0;\" >\n<div class=\"standard_wrapper\">\n<div class=\"page_content_wrapper\">\n<div class=\"inner\">\n<div style=\"margin:auto;width:100%\">\n<h2 class=\"ppb_title\" style=\"color:#3f1379;;text-align:center;\">Alojamiento Congreso Continental de Derecho Cooperativo<\/h2>\n<\/div>\n<\/div>\n<\/div>\n<\/div>\n<\/div>\n<div  class=\"one withsmallpadding ppb_text\" style=\"text-align:left;padding:40px 0 40px 0;\" >\n<div class=\"standard_wrapper\">\n<div class=\"page_content_wrapper\">\n<div class=\"inner\">\n<div style=\"margin:auto;width:100%\">\n<div class=\"one_half \" style=\"\"><\/div>\n<h5 class=\"space\">Ubicaci\u00f3n<\/h5>\n<p><iframe loading=\"lazy\" src=\"https:\/\/www.google.com\/maps\/embed?pb=!1m14!1m8!1m3!1d33241.1488019048!2d-84.056312!3d9.934953!3m2!1i1024!2i768!4f13.1!3m3!1m2!1s0x0%3A0x69e40fed9562099c!2sEdificio%20Cooperativo!5e1!3m2!1ses-419!2sco!4v1573668882998!5m2!1ses-419!2sco\" width=\"1300\" height=\"450\" frameborder=\"0\" style=\"border:0;\" allowfullscreen=\"\"><\/iframe><\/p>\n<\/div>\n<\/div>\n<\/div>\n<\/div>\n<\/div>\n<div  class=\"one withsmallpadding ppb_header \" style=\"text-align:center;padding:60px 0 60px 0;\" >\n<div class=\"standard_wrapper\">\n<div class=\"page_content_wrapper\">\n<div class=\"inner\">\n<div style=\"margin:auto;width:100%\">\n<h2 class=\"ppb_title\" style=\"color:#3f1379;;text-align:center;\">Otras opciones de alojamiento<\/h2>\n<\/div>\n<\/div>\n<\/div>\n<\/div>\n<\/div>\n<div id=\"Hotel Hyatt Place San Jos\u00e9 - Pinares\" class=\"one\" style=\"margin-top:20px;margin-bottom:20px;\" >\n<div class=\"standard_wrapper\">\n<div class=\"page_content_wrapper\">\n<div class=\"inner\">\n<div class=\"one_half content_middle textright\" style=\"padding:45px;\">\n<h2 class=\"ppb_title\" style=\"\">Hotel Hyatt Place San Jos\u00e9 &#8211; Pinares<\/h2>\n<div class=\"page_tagline\" style=\"\">Falta esta informaci\u00f3n<\/div>\n<div class=\"ppb_header_content\">\n<div class=\"pp_accordion_close has_icon\">\n<h3><a href=\"#\">Tarifas habitaci\u00f3n<\/a><\/h3>\n<div>\n<p>\nTarifa especial en hospedaje en cama King o dos camas Queen. Est\u00e1ndar King o Queen $115 en habitaci\u00f3n sencilla y $130 en habitaci\u00f3n doble, Large King\u00a0 $135 en habitaci\u00f3n sencilla y $150 en habitaci\u00f3n doble, Suite $175 en habitaci\u00f3n sencilla y $190 en habitaci\u00f3n doble (el Hotel se reservar\u00e1 el derecho de revisar o nulificar los t\u00e9rminos del contrato mediante notificaci\u00f3n escrita).\u00a0Persona adicional dentro de la misma habitaci\u00f3n: $20 +13% impuestos por noche.\n<\/p>\n<\/div>\n<\/div>\n<div class=\"pp_accordion_close has_icon\">\n<h3><a href=\"#\">Contacto<\/a><\/h3>\n<div>\n<p>\nRebeca Oconitrillo<br \/>\nDepartamento de Reservaciones<br \/>\nTel: 2518-7750 \/ 2518-7753\n<\/p>\n<\/div>\n<\/div>\n<div class=\"pp_accordion_close has_icon\">\n<h3><a href=\"#\">Direcci\u00f3n de correo<\/a><\/h3>\n<div>\n<p>\n<a href=\"mailto:rebeca.oconitrillo@hyatt.com\">rebeca.oconitrillo@hyatt.com<\/a><br \/>\n<a href=\"mailto:sanjosepinares.place@hyatt.com\">sanjosepinares.place@hyatt.com<\/a>\n<\/p>\n<\/div>\n<\/div>\n<div class=\"pp_accordion_close has_icon\">\n<h3><a href=\"#\">Ubicaci\u00f3n<\/a><\/h3>\n<div>\n<p>\n<a href=\"https:\/\/goo.gl\/maps\/YSSYUM54vu25zF9z6\">Click Aqu\u00ed<\/a>\n<\/p>\n<\/div>\n<\/div>\n<\/div>\n<\/div>\n<div class=\"one_half last\">\n<div class=\"image_classic_frame expand\">\n<div class=\"image_wrapper\"><a href=\"https:\/\/www.aciamericas.coop\/xxiconferencia\/wp-content\/uploads\/2019\/08\/Hotel-Hyatt-Place.jpg\" class=\"img_frame\"><img decoding=\"async\" src=\"https:\/\/www.aciamericas.coop\/xxiconferencia\/wp-content\/uploads\/2019\/08\/Hotel-Hyatt-Place.jpg\" alt=\"\" class=\"portfolio_img\"\/><\/a><\/div>\n<\/div>\n<\/div>\n<p><br class=\"clear\"\/><\/div>\n<\/div>\n<\/div>\n<\/div>\n<div id=\"Hotel Aurola Holiday Inn\" class=\"one\" style=\"margin-top:20px;margin-bottom:20px;\" >\n<div class=\"standard_wrapper\">\n<div class=\"page_content_wrapper\">\n<div class=\"inner\">\n<div class=\"one_half\">\n<div class=\"image_classic_frame expand\">\n<div class=\"image_wrapper\"><a href=\"https:\/\/www.aciamericas.coop\/xxiconferencia\/wp-content\/uploads\/2019\/08\/Holiday-Inn-Aurola.jpeg\" class=\"img_frame\"><img decoding=\"async\" src=\"https:\/\/www.aciamericas.coop\/xxiconferencia\/wp-content\/uploads\/2019\/08\/Holiday-Inn-Aurola.jpeg\" alt=\"\" class=\"portfolio_img\"\/><\/a><\/div>\n<\/div>\n<\/div>\n<div class=\"one_half last content_middle\" style=\"padding:45px;\">\n<h2 class=\"ppb_title\" style=\"\">Hotel Aurola Holiday Inn<\/h2>\n<div class=\"page_tagline\" style=\"\">Falta esta informaci\u00f3n<\/div>\n<div class=\"ppb_header_content\">\n<div class=\"pp_accordion_close has_icon\">\n<h3><a href=\"#\">Tarifas habitaci\u00f3n<\/a><\/h3>\n<div>\n<p>\nTarifas corporativas a quienes presenten su carn\u00e9 vigente del Colegio (agremiados, familiares y funcionarios) , Incluye desayuno buffet, llamadas locales y acceso a internet inal\u00e1mbrico. Se permite un m\u00e1ximo de 3 personas por habitaci\u00f3n o dos adultos y dos ni\u00f1os menores de 12 a\u00f1os. Tercer persona paga $25.00 m\u00e1s impuestos.\n<\/p>\n<\/div>\n<\/div>\n<div class=\"pp_accordion_close has_icon\">\n<h3><a href=\"#\">contacto<\/a><\/h3>\n<div>\n<p>\nEjecutivo de Cuentas corporativas<br \/>\nTel: 2523-1267\n<\/p>\n<\/div>\n<\/div>\n<div class=\"pp_accordion_close has_icon\">\n<h3><a href=\"#\">Direcci\u00f3n de correo<\/a><\/h3>\n<div>\n<p>\n<a href=\"mailto:ejecutivovc2@aurolahotels.com\">ejecutivovc2@aurolahotels.com<\/a>\n<\/p>\n<\/div>\n<\/div>\n<div class=\"pp_accordion_close has_icon\">\n<h3><a href=\"#\">Ubicaci\u00f3n<\/a><\/h3>\n<div>\n<p>\n<a href=\"https:\/\/goo.gl\/maps\/6BNMVSVS1mRdmubVA\">Click Aqu\u00ed<\/a>\n<\/p>\n<\/div>\n<\/div>\n<\/div>\n<\/div>\n<p><br class=\"clear\"\/><\/div>\n<\/div>\n<\/div>\n<\/div>\n<div id=\"Hotel Hilton Garden Inn\" class=\"one\" style=\"margin-top:20px;margin-bottom:20px;\" >\n<div class=\"standard_wrapper\">\n<div class=\"page_content_wrapper\">\n<div class=\"inner\">\n<div class=\"one_half content_middle textright\" style=\"padding:45px;\">\n<h2 class=\"ppb_title\" style=\"\">Hotel Hilton Garden Inn<\/h2>\n<div class=\"page_tagline\" style=\"\">Falta esta informaci\u00f3n<\/div>\n<div class=\"ppb_header_content\">\n<div class=\"pp_accordion_close has_icon\">\n<h3><a href=\"#\">Tarifas habitaci\u00f3n<\/a><\/h3>\n<div>\n<p>\n32% de descuento\u00a0en habitaci\u00f3n est\u00e1ndar sencilla (precio al agremiado-a: $129). No incluyen 13% de impuestos.\n<\/p>\n<\/div>\n<\/div>\n<div class=\"pp_accordion_close has_icon\">\n<h3><a href=\"#\">Contacto<\/a><\/h3>\n<div>\n<p>\nJohanna Rodr\u00edguez Mar\u00edn<br \/>\nTel: 2520-6025\n<\/p>\n<\/div>\n<\/div>\n<div class=\"pp_accordion_close has_icon\">\n<h3><a href=\"#\">Direcci\u00f3n de correo<\/a><\/h3>\n<div>\n<p>\n<a href=\"mailto:johanna.rodriguez@hilton.com\">johanna.rodriguez@hilton.com<\/a><br \/>\n<a href=\"mailto:reservas@hgilasabana.com\">reservas@hgilasabana.com<\/a>\n<\/p>\n<\/div>\n<\/div>\n<div class=\"pp_accordion_close has_icon\">\n<h3><a href=\"#\">Ubicaci\u00f3n<\/a><\/h3>\n<div>\n<p>\n<a href=\"https:\/\/goo.gl\/maps\/aW5jpBLxrzcAGzow8\">Click Aqu\u00ed<\/a>\n<\/p>\n<\/div>\n<\/div>\n<\/div>\n<\/div>\n<div class=\"one_half last\">\n<div class=\"image_classic_frame expand\">\n<div class=\"image_wrapper\"><a href=\"https:\/\/www.aciamericas.coop\/xxiconferencia\/wp-content\/uploads\/2019\/08\/Hilton-Garden-Inn.jpg\" class=\"img_frame\"><img decoding=\"async\" src=\"https:\/\/www.aciamericas.coop\/xxiconferencia\/wp-content\/uploads\/2019\/08\/Hilton-Garden-Inn.jpg\" alt=\"\" class=\"portfolio_img\"\/><\/a><\/div>\n<\/div>\n<\/div>\n<p><br class=\"clear\"\/><\/div>\n<\/div>\n<\/div>\n<\/div>\n<div id=\"Gran Hotel Costa Rica\" class=\"one\" style=\"margin-top:20px;margin-bottom:20px;\" >\n<div class=\"standard_wrapper\">\n<div class=\"page_content_wrapper\">\n<div class=\"inner\">\n<div class=\"one_half\">\n<div class=\"image_classic_frame expand\">\n<div class=\"image_wrapper\"><a href=\"https:\/\/www.aciamericas.coop\/xxiconferencia\/wp-content\/uploads\/2019\/08\/Gran-Hotel-Costa-Rica.jpg\" class=\"img_frame\"><img decoding=\"async\" src=\"https:\/\/www.aciamericas.coop\/xxiconferencia\/wp-content\/uploads\/2019\/08\/Gran-Hotel-Costa-Rica.jpg\" alt=\"\" class=\"portfolio_img\"\/><\/a><\/div>\n<\/div>\n<\/div>\n<div class=\"one_half last content_middle\" style=\"padding:45px;\">\n<h2 class=\"ppb_title\" style=\"\">Gran Hotel Costa Rica<\/h2>\n<div class=\"page_tagline\" style=\"\">Falta esta informaci\u00f3n<\/div>\n<div class=\"ppb_header_content\">\n<div class=\"pp_accordion_close has_icon\">\n<h3><a href=\"#\">Tarifas habitaci\u00f3n<\/a><\/h3>\n<div>\n<p>\nPrecio especial para agremiados en habitaci\u00f3n sencilla, presentando el carn\u00e9 del Colegio, incluye desayuno buffet. La tercera persona tiene un costo adicional de $50. Descuento del 15% en alimentos y bebidas en el Restaurante y Var Cultura 5. No aplica con otras promociones. No incluye impuestos.\n<\/p>\n<\/div>\n<\/div>\n<div class=\"pp_accordion_close has_icon\">\n<h3><a href=\"#\">Contacto<\/a><\/h3>\n<div>\n<p>\nJacqueline Barrantes.<br \/>\nJohanna Rodr\u00edguez Mar\u00edn.<br \/>\nTel: 2520-6025\n<\/p>\n<\/div>\n<\/div>\n<div class=\"pp_accordion_close has_icon\">\n<h3><a href=\"#\">Direcci\u00f3n de correo<\/a><\/h3>\n<div>\n<p>\n<a href=\"mailto:jacqueline.barrantes@hilton.com\">jacqueline.barrantes@hilton.com<\/a><br \/>\n<a href=\"mailto:johanna.rodriguez@hilton.com\">johanna.rodriguez@hilton.com<\/a>\n<\/p>\n<\/div>\n<\/div>\n<div class=\"pp_accordion_close has_icon\">\n<h3><a href=\"#\">Ubicaci\u00f3n<\/a><\/h3>\n<div>\n<p>\n<a href=\"https:\/\/g.page\/elGranHotelCostaRica?share\">Click Aqu\u00ed<\/a>\n<\/p>\n<\/div>\n<\/div>\n<\/div>\n<\/div>\n<p><br class=\"clear\"\/><\/div>\n<\/div>\n<\/div>\n<\/div>\n<div  class=\"one withsmallpadding ppb_text\" style=\"text-align:left;padding:40px 0 40px 0;\" >\n<div class=\"standard_wrapper\">\n<div class=\"page_content_wrapper\">\n<div class=\"inner\">\n<div style=\"margin:auto;width:100%\">\n<p>* Sujeto a disponbilidad hotelera, se aconseja no esperar hasta los ultimos dias a realizar su reserva.<\/p>\n<\/div>\n<\/div>\n<\/div>\n<\/div>\n<\/div>\n","protected":false},"excerpt":{"rendered":"<p>de Costa Rica Colegio de Abogados y Abogadas Sede del evento Alojamiento Congreso Continental de Derecho Cooperativo Ubicaci\u00f3n Otras opciones de alojamiento Hotel Hyatt Place San Jos\u00e9 &#8211; Pinares Falta esta informaci\u00f3n Tarifas habitaci\u00f3n Tarifa especial en hospedaje en cama [&hellip;]<\/p>\n","protected":false},"author":1,"featured_media":0,"parent":0,"menu_order":0,"comment_status":"closed","ping_status":"closed","template":"","meta":{"footnotes":""},"class_list":["post-1166","page","type-page","status-publish","hentry"],"_links":{"self":[{"href":"https:\/\/www.aciamericas.coop\/xxiconferencia\/wp-json\/wp\/v2\/pages\/1166"}],"collection":[{"href":"https:\/\/www.aciamericas.coop\/xxiconferencia\/wp-json\/wp\/v2\/pages"}],"about":[{"href":"https:\/\/www.aciamericas.coop\/xxiconferencia\/wp-json\/wp\/v2\/types\/page"}],"author":[{"embeddable":true,"href":"https:\/\/www.aciamericas.coop\/xxiconferencia\/wp-json\/wp\/v2\/users\/1"}],"replies":[{"embeddable":true,"href":"https:\/\/www.aciamericas.coop\/xxiconferencia\/wp-json\/wp\/v2\/comments?post=1166"}],"version-history":[{"count":9,"href":"https:\/\/www.aciamericas.coop\/xxiconferencia\/wp-json\/wp\/v2\/pages\/1166\/revisions"}],"predecessor-version":[{"id":1757,"href":"https:\/\/www.aciamericas.coop\/xxiconferencia\/wp-json\/wp\/v2\/pages\/1166\/revisions\/1757"}],"wp:attachment":[{"href":"https:\/\/www.aciamericas.coop\/xxiconferencia\/wp-json\/wp\/v2\/media?parent=1166"}],"curies":[{"name":"wp","href":"https:\/\/api.w.org\/{rel}","templated":true}]}}