{"id":618,"date":"2019-04-10T12:16:21","date_gmt":"2019-04-10T17:16:21","guid":{"rendered":"http:\/\/an.captcha.com.co\/?page_id=618"},"modified":"2019-11-05T20:15:38","modified_gmt":"2019-11-06T01:15:38","slug":"sobre-el-evento","status":"publish","type":"page","link":"https:\/\/www.aciamericas.coop\/xxiconferencia\/sobre-el-evento\/","title":{"rendered":"Sobre el evento"},"content":{"rendered":"<div  class=\"one withsmallpadding ppb_header \" style=\"text-align:left;padding:40px 0 40px 0;\" >\n<div class=\"standard_wrapper\">\n<div class=\"page_content_wrapper\">\n<div class=\"inner\">\n<div style=\"width:100%\">\n<div class=\"ppb_header_content\">\n<p>Le extendemos la m\u00e1s cordial invitaci\u00f3n a formar parte de la XXI Conferencia Regional de Cooperativas de las Am\u00e9ricas y del 50 Congreso Continental de Derecho Cooperativo, que se llevar\u00e1n a cabo seguidamente en San Jos\u00e9 Costa Rica del 18 al 20 de noviembre 2019 y del 20 al 22 de noviembre 2019.<\/p>\n<p>La XXI Conferencia dar\u00e1 a conocer los nuevos factores de cambio, impacto y sostenibilidad e incidencia pol\u00edtica para el sector cooperativo y se convertir\u00e1 en la mejor plataforma de contenidos para entender la volatilidad del mundo en el que estamos y c\u00f3mo aprovecharla en el sector cooperativo.<\/p>\n<p>Es un espacio que convoca a m\u00e1s de 1,000 asistentes de talla global con exponentes de alto perfil del mundo econ\u00f3mico y social global, a inspirar el liderazgo para el logro de los Objetivos de Desarrollo Sostenible. Presentaremos nuevos caminos para trabajar sobre la agenda 2030 y por el mundo que queremos, siendo actores econ\u00f3micos con impacto social y sostenible.<\/p>\n<p>La XXI Conferencia Regional de Cooperativas de las Ame\u0301ricas, se desarrollara\u0301 del 18 al 20 de Noviembre y sera\u0301 la oportunidad del an\u0303o para revelar los grandes aportes del sector cooperativo como agentes para el desarrollo, planteando un pensamiento cri\u0301tico desde todas nuestras plataformas de accio\u0301n y generar oportunidades de compromiso innovadoras en torno a los Objetivos de Desarrollo Sostenible de las Naciones Unidas y asi\u0301 celebrar el encuentro de li\u0301deres comprometidos con la innovacio\u0301n que nos visitan desde diferentes lugares del mundo.<\/p>\n<p>El 50 Congreso Continental de Derecho Cooperativo se desarrollara\u0301 en los d\u00edas a seguir: del 20 al 22 de noviembre en el Colegio de Abogados de Costa Rica y representa un hito histo\u0301rico para nuestra regi\u00f3n reafirmar las prioridades de incidencia y dialogo pol\u00edtico con nuestros Gobiernos nacionales y Organismos Internacionales.<\/p>\n<\/div>\n<\/div>\n<\/div>\n<\/div>\n<\/div>\n<\/div>\n<div class=\"standard_wrapper\">\n<div  class=\"one_half withsmallpadding ppb_header \" style=\"text-align:left;padding:40px 0 40px 0;\" >\n<div class=\"page_content_wrapper\">\n<div class=\"inner\">\n<div style=\"width:100%\">\n<h2 class=\"ppb_title\" style=\";text-align:left;\">Descargue el manual de bienvenida de las actividades del proyecto #Coops4dev\ud83c\udf0e<\/h2>\n<div class=\"ppb_header_content\">\n<p style=\"text-align: center;\"><a class=\"button link\" href=\"https:\/\/www.aciamericas.coop\/xxiconferencia\/wp-content\/uploads\/2019\/11\/Manual-de-bienvenida_UE_.pdf\">Descarga Documento<\/a><\/p>\n<\/div>\n<\/div>\n<\/div>\n<\/div>\n<\/div>\n<\/div>\n<div class=\"standard_wrapper\">\n<div  class=\"one_half last withsmallpadding ppb_header \" style=\"background-position: center top;text-align:center;padding:40px 0 40px 0;color:#ffffff;\" >\n<div class=\"page_content_wrapper\">\n<div class=\"inner\">\n<div style=\"margin:auto;width:100%\">\n<h2 class=\"ppb_title\" style=\";text-align:center;\">Programa Preliminar<\/h2>\n<div class=\"ppb_header_content\">\n<p style=\"text-align: center;\"><a class=\"button large\" href=\"https:\/\/www.aciamericas.coop\/xxiconferencia\/wp-content\/uploads\/2019\/11\/Programa-Espa\u00f1ol-XXI-Conferecia-Regional-1-1.pdf\">Descargar documento<\/a><\/p>\n<\/div>\n<\/div>\n<\/div>\n<\/div>\n<\/div>\n<\/div>\n<\/div>\n<div  class=\"one withsmallpadding ppb_text\" style=\"text-align:left;padding:40px 0 40px 0;\" >\n<div class=\"standard_wrapper\">\n<div class=\"page_content_wrapper\">\n<div class=\"inner\">\n<div style=\"margin:auto;width:100%\">\n<h3>Informaci\u00f3n relevante<\/h3>\n<div class=\"pp_accordion_close has_icon\">\n<h3><a href=\"#\">Acerca de Costa Rica<\/a><\/h3>\n<div>\n<p>La Rep\u00fablica de Costa Rica se ubica en la regi\u00f3n centroamericana. Limita al norte con la Rep\u00fablica de Nicaragua y al sureste con la Rep\u00fablica de Panam\u00e1. Este pa\u00eds cuenta con 4,652,459 habitantes (2012) y su superficie es de 51.100 km\u00b2. Es ba\u00f1ado al este por el Mar Caribe y al oeste por el Oc\u00e9ano Pac\u00edfico.<\/p>\n<p>Costa Rica es una de las democracias m\u00e1s consolidadas de Am\u00e9rica y ocupa el lugar 62 en el \u00cdndice de Desarrollo Humano del PNUD. El pa\u00eds tiene tambi\u00e9n reconocimiento mundial por abolir el ej\u00e9rcito el 1 de diciembre de 1948.<\/p>\n<p>El pa\u00eds se ha consolidado tambi\u00e9n como el primer pa\u00eds del mundo que se ha propuesto como meta la carbono neutralidad para el 2021. En ambiente tambi\u00e9n ha logrado revertir la deforestaci\u00f3n al pasar del 26% de cobertura forestal en 1980 al 52% en 2012. Costa Rica ha demostrado significativos logros y un fuerte compromiso en su pol\u00edtica social, con una creciente inversi\u00f3n p\u00fablica en educaci\u00f3n, salud y programas sociales.<\/p>\n<p>Costa Rica es un referente en cuanto al desarrollo social y econ\u00f3mico, su progreso en pol\u00edticas medioambientales lo han convertido en un destino sostenible y responsable; ha sido el precursor del concepto de ecoturismo. Un lugar que ofrece un sinfi\u0301n de posibilidades generando una experiencia enriquecedora en un espacio u\u0301nico, esto lo convierte en un lugar ma\u0301s que apetecible para celebrar la XXI Conferencia Regional.<\/p>\n<p><strong>Costa Rica <\/strong>es un destino incomparable: es un destino completo, es \u201cPura Vida\u201d<\/p>\n<\/div>\n<\/div>\n<div class=\"pp_accordion_close has_icon\">\n<h3><a href=\"#\">\u00bfCu\u00e1ndo llegar?<\/a><\/h3>\n<div>\n<p><span class=\"s1\">XXI Conferencia Regional del 18 al 20 de noviembre de 2019*<\/span><\/p>\n<p><span style=\"color: #444444;\">50 Congreso Continental de Derecho Cooperativo del 20 al 22 de noviembre de 2019 <\/span><\/p>\n<p><span class=\"s1\">*Se aconseja llegar el 17 de noviembre de 2019.<\/span><\/p>\n<p><span class=\"s1\">\u00a0<\/span><\/p>\n<\/div>\n<\/div>\n<div class=\"pp_accordion_close has_icon\">\n<h3><a href=\"#\">Costo de Inscripci\u00f3n<\/a><\/h3>\n<div>\n<p>A continuacion le informamos sobre los valores de inscripci\u00f3n, recuerde que puede participar en ambos eventos lo cual le permitir\u00e1 acceder a tarifas especiales.<\/p>\n<p>XXI Conferencia Regional del 18 al 20 de noviembre de 2019 registrese aqu\u00ed<\/p>\n<p>50 Congreso Continental de Derecho Cooperativo del 20 al 22 de noviembre de 2019 <a href=\"https:\/\/forms.gle\/V3DhoCnfCAGgHzJRA\" target=\"_blank\" rel=\"noopener noreferrer\">Registrese aqu\u00ed<\/a><\/p>\n<p><strong style=\"color: #5a5454;\">Aviso importante para todos los participantes:\u00a0<\/strong><span style=\"color: #5a5454;\">Tenga en cuenta que si su pago se realiza en una fecha posterior al 30 de junio, debe considerar un aumento del 13% correspondiente al impuesto al valor agregado que comenzar\u00e1 a regir en Costa Rica a partir del 1\u00ba de julio de 2019.<\/span><\/p>\n<table style=\"width: 769px;\" border=\"0\" width=\"769\" cellspacing=\"0\" cellpadding=\"0\">\n<tbody>\n<tr>\n<td style=\"width: 205px; height: 84px;\"><\/td>\n<td style=\"width: 115px; height: 84px;\">\n<p style=\"text-align: center;\"><strong>Categor\u00eda<\/strong><\/p>\n<\/td>\n<td style=\"width: 153px; height: 84px;\">\n<p style=\"text-align: center;\"><strong>Membrec\u00eda<\/strong><\/p>\n<\/td>\n<td style=\"width: 115px; height: 84px;\">\n<p style=\"text-align: center;\"><strong>Valor de la inscripci\u00f3n<\/strong><\/p>\n<\/td>\n<td style=\"width: 181px; height: 84px;\">\n<p style=\"text-align: center;\"><strong>Costo + iva 13% <\/strong><\/p>\n<p style=\"text-align: center;\"><strong>(a partir 1\/07\/2019)<\/strong><\/p>\n<\/td>\n<\/tr>\n<tr>\n<td style=\"width: 205px; height: 28px;\" rowspan=\"7\">\n<p style=\"text-align: center;\"><strong>inscripciones &#8211; CONFERENCIA<\/strong><\/p>\n<\/td>\n<td style=\"width: 115px; height: 28px;\" rowspan=\"2\">Nacionales<\/td>\n<td style=\"width: 153px; height: 28px;\">Miembros<\/td>\n<td style=\"width: 115px; height: 28px;\">\n<p style=\"text-align: right;\">$ 300,00<\/p>\n<\/td>\n<td style=\"width: 181px; height: 28px;\">\n<p style=\"text-align: right;\">\u00a0$ 339,00<\/p>\n<\/td>\n<\/tr>\n<tr>\n<td style=\"width: 153px; height: 28px;\">No miembros<\/td>\n<td style=\"width: 115px; height: 28px;\">\n<p style=\"text-align: right;\">$ 300,00<\/p>\n<\/td>\n<td style=\"width: 181px; height: 28px;\">\n<p style=\"text-align: right;\">\u00a0$ 339,00<\/p>\n<\/td>\n<\/tr>\n<tr>\n<td style=\"width: 115px; height: 28px;\" rowspan=\"2\">Lim\u00edtrofes<\/td>\n<td style=\"width: 153px; height: 28px;\">Miembros<\/td>\n<td style=\"width: 115px; height: 28px;\">\n<p style=\"text-align: right;\">$ 350,00<\/p>\n<\/td>\n<td style=\"width: 181px; height: 28px;\">\n<p style=\"text-align: right;\">\u00a0$ 395,50<\/p>\n<\/td>\n<\/tr>\n<tr>\n<td style=\"width: 153px; height: 28px;\">No miembros<\/td>\n<td style=\"width: 115px; height: 28px;\">\n<p style=\"text-align: right;\">$ 400,00<\/p>\n<\/td>\n<td style=\"width: 181px; height: 28px;\">\n<p style=\"text-align: right;\">\u00a0$ 452,00<\/p>\n<\/td>\n<\/tr>\n<tr>\n<td style=\"width: 115px; height: 28px;\" rowspan=\"2\">Internacionales<\/td>\n<td style=\"width: 153px; height: 28px;\">Miembros<\/td>\n<td style=\"width: 115px; height: 28px;\">\n<p style=\"text-align: right;\">$ 450,00<\/p>\n<\/td>\n<td style=\"width: 181px; height: 28px;\">\n<p style=\"text-align: right;\">\u00a0$ 508,50<\/p>\n<\/td>\n<\/tr>\n<tr>\n<td style=\"width: 153px; height: 28px;\">No miembros<\/td>\n<td style=\"width: 115px; height: 28px;\">\n<p style=\"text-align: right;\">$ 500,00<\/p>\n<\/td>\n<td style=\"width: 181px; height: 28px;\">\n<p style=\"text-align: right;\">\u00a0$ 565,00<\/p>\n<\/td>\n<\/tr>\n<tr>\n<td style=\"width: 115px; height: 28px;\">Acompa\u00f1antes<\/td>\n<td style=\"width: 153px; height: 28px;\"><\/td>\n<td style=\"width: 115px; height: 28px;\">\n<p style=\"text-align: right;\">$ 120,00<\/p>\n<\/td>\n<td style=\"width: 181px; height: 28px;\">\n<p style=\"text-align: right;\">\u00a0$ 135,60<\/p>\n<\/td>\n<\/tr>\n<tr>\n<td style=\"width: 205px; height: 36px;\" rowspan=\"4\">\n<p style=\"text-align: center;\"><strong>inscripciones &#8211; CONGRESO DERECHO<\/strong><\/p>\n<\/td>\n<td style=\"width: 115px; height: 36px;\" rowspan=\"4\">Congreso de Derecho Cooperativo<\/td>\n<td style=\"width: 153px; height: 36px;\">Congreso+Conferencia Regional<\/td>\n<td style=\"width: 115px; height: 36px;\">\n<p style=\"text-align: right;\">$ 600,00<\/p>\n<\/td>\n<td style=\"width: 181px; height: 36px;\">\n<p style=\"text-align: right;\">\u00a0$ 678,00<\/p>\n<\/td>\n<\/tr>\n<tr>\n<td style=\"width: 153px; height: 28px;\">Congreso<\/td>\n<td style=\"width: 115px; height: 28px;\">\n<p style=\"text-align: right;\">$ 300,00<\/p>\n<\/td>\n<td style=\"width: 181px; height: 28px;\">\n<p style=\"text-align: right;\">\u00a0$ 339,00<\/p>\n<\/td>\n<\/tr>\n<tr>\n<td style=\"width: 153px; height: 51px;\">Congreso+Conferencia Regional precio especial para j\u00f3venes<\/td>\n<td style=\"width: 115px; height: 51px;\">\n<p style=\"text-align: right;\">$ 500,00<\/p>\n<\/td>\n<td style=\"width: 181px; height: 51px;\">\n<p style=\"text-align: right;\">\u00a0$ 565,00<\/p>\n<\/td>\n<\/tr>\n<tr>\n<td style=\"width: 153px; height: 34px;\">Congreso precio especial para j\u00f3venes<\/td>\n<td style=\"width: 115px; height: 34px;\">\n<p style=\"text-align: right;\">$ 250,00<\/p>\n<\/td>\n<td style=\"width: 181px; height: 34px;\">\n<p style=\"text-align: right;\">\u00a0 $ 282,50<\/p>\n<\/td>\n<\/tr>\n<\/tbody>\n<\/table>\n<p>.<\/p>\n<\/div>\n<\/div>\n<div class=\"pp_accordion_close has_icon\">\n<h3><a href=\"#\">Medio de transporte<\/a><\/h3>\n<div>\n<p>Para llegar al Hotel Intercontinental, sede de la XXI Conferencia Regional, puede transportarse con taxi formal o el servicio Uber desde cualquier punto de la ciudad de San Jos\u00e9.<\/p>\n<p>En caso de requerir el servicio compartimos los numeros de las siguientes cooperativas de transporte<\/p>\n<p><b>Servicio de taxi<\/b><\/p>\n<p><strong>Coopetaxis<\/strong><br \/>\ntel (+506) 22367070 \/ 22359966<\/p>\n<p style=\"color: #191919;\"><strong>Coopetico<\/strong><span style=\"color: #000000;\"><br \/>\n<\/span>Tel: (+ 506) 2224-7979<\/p>\n<p style=\"color: #191919;\">\n<\/div>\n<\/div>\n<div class=\"pp_accordion_close has_icon\">\n<h3><a href=\"#\">Alojamiento<\/a><\/h3>\n<div>\n<p style=\"color: #191919;\">Los participantes son responsables de organizar su propio alojamiento en un hotel que se ajuste a su presupuesto de acuerdo a las sugerencias que le brindamos en el siguiente enlace de seguimiento. Para hoteles en Costa Rica, por favor vea la siguiente informaci\u00f3n \u00a0<a href=\"https:\/\/www.aciamericas.coop\/xxiconferencia\/pages\/venue\/\" target=\"_blank\" rel=\"noopener noreferrer\">Alojamiento<\/a><\/p>\n<p style=\"color: #191919;\">Tenga en cuenta que la ciudad de San Jos\u00e9, es un centro tur\u00edstico, y siempre tiende a tener una alta ocupaci\u00f3n hotelera, en ese orden le aconsejamos que reserve su alojamiento lo antes posible.<\/p>\n<p style=\"color: #191919;\"><span class=\"s1\">\u00a0<\/span><\/p>\n<\/div>\n<\/div>\n<div class=\"pp_accordion_close has_icon\">\n<h3><a href=\"#\">Moneda<\/a><\/h3>\n<div>\n<p style=\"color: #191919;\">El col\u00f3n costarricense es la moneda de Costa Rica . Actualmente, existen seis t\u00edtulos en billetes y siete tipos de monedas distintas en circulaci\u00f3n.<\/p>\n<p style=\"color: #191919;\"><b>Billetes y monedas del col\u00f3n costarricense<span class=\"Apple-converted-space\">\u00a0<\/span><\/b><\/p>\n<p style=\"color: #191919;\">La moneda oficial de Costa Rica es el col\u00f3n costarricense, y se identifica con el s\u00edmbolo: \u00ab\u20a1\u00bb o el c\u00f3digo ISO CRC. En circulaci\u00f3n desde 1896, originalmente 1 col\u00f3n se divid\u00eda en 100 c\u00e9ntimos, sin embargo en la actualidad la unidad de menor denominaci\u00f3n es la de 5 colones. De esta manera encontramos monedas de 5, 10, 25, 50, 100 y 500 colones.\u00a0<\/p>\n<\/div>\n<\/div>\n<div class=\"pp_accordion_close has_icon\">\n<h3><a href=\"#\">Sede del evento<\/a><\/h3>\n<div>\n<p><strong>Mesa de registro:<\/strong>Los horarios de apertura de la mesa de registro, as\u00ed como los documentos necesarios para registrarse, se anunciar\u00e1n oportunamente. Por favor, consulte el sitio web para las actualizaciones.<\/p>\n<p><strong>Seguridad:<\/strong>La seguridad se aplicar\u00e1 estrictamente en el lugar. Para garantizar la seguridad de todos los participantes, se deben mostrar las insignias en todo momento dentro del lugar. Bajo ninguna circunstancia debe prestarse su gafete a otro participante. En la entrada al lugar de reuni\u00f3n, se les puede pedir a los participantes que muestren su gafete o registro impreso.<\/p>\n<p><strong>Las comidas<\/strong>: Se proporcionar\u00e1n refrigerios a todos los participantes de la conferencia de forma gratuita. El almuerzo se ofrecer\u00e1 de acuerdo con los horarios estipulados en el programa, as\u00ed como en los espacios y salones asignados dentro del lugar. Tenga en cuenta que si los participantes quieren comprar comidas en otros lugares, este ser\u00e1 por cuenta propia. Para efectos de lo mismo \u00a0deben traer dinero en efectivo(d\u00f3lares americanos o colones costarricenses) aunque , usualmente los lugares aceptan tarjetas de cr\u00e9dito.<\/p>\n<p><strong>Servicios de interpretaci\u00f3n:<\/strong>El idioma del evento ser\u00e1 el espa\u00f1ol, sin embargo se facilitar\u00e1 el servicio de traducci\u00f3n simult\u00e1neo al ingl\u00e9s para los participantes que lo deseen.<\/p>\n<p><strong>Wifi:<\/strong>Una red inal\u00e1mbrica estar\u00e1 disponible en todo el lugar.<\/p>\n<p><strong>Primeros auxilios<\/strong>:\u00a0 Encontrando su camino a las diferentes actividades: Las se\u00f1ales se ubicar\u00e1n en todo el lugar para responder preguntas sobre la ubicaci\u00f3n de los eventos y salas de reuniones.<\/p>\n<p><strong>Accesibilidad:<\/strong>El objetivo de los organizadores es eliminar las barreras altitudinales y ambientales que crean exclusi\u00f3n, esfuerzo indebido, separaci\u00f3n o tratamiento especial. Esto permite que todos, independientemente de la discapacidad, la edad, el g\u00e9nero y la religi\u00f3n, puedan participar por igual, con confianza y de manera independiente con elecci\u00f3n y dignidad.<\/p>\n<p style=\"color: #0a0a0a;\"><b>Seguro de viaje<\/b><\/p>\n<p style=\"color: #191919;\">Los organizadores del evento niegan toda responsabilidad por los seguros m\u00e9dicos, de accidentes y de viaje, por la indemnizaci\u00f3n por muerte o discapacidad, por la p\u00e9rdida o el da\u00f1o a la propiedad personal y por cualquier otro costo o p\u00e9rdida en el que se incurra durante el tiempo de viaje o el per\u00edodo de participaci\u00f3n a este evento. En este contexto, se recomienda encarecidamente que obtenga un seguro m\u00e9dico internacional durante todo el per\u00edodo de participaci\u00f3n, incluido el tiempo de viaje.<\/p>\n<\/p>\n<\/div>\n<\/div>\n<div class=\"pp_accordion_close has_icon\">\n<h3><a href=\"#\">Vacunaci\u00f3n Fiebre Amarilla<\/a><\/h3>\n<div>\n<p><p style=\"font-weight: 400;\">Todas las personas que, antes de su ingreso a Costa Rica, hayan permanecido en pa\u00edses de riesgo, deben estar vacunadas contra la fiebre amarilla, lo cual se deber\u00e1 comprobar mediante el \u00a0\u201cCertificado Internacional de Vacunaci\u00f3n contra la Fiebre Amarilla\u201d, el cual es v\u00e1lido a partir de 10 d\u00edas despu\u00e9s de la vacunaci\u00f3n.<\/p>\n<p style=\"font-weight: 400;\">Quedan exentas del requisito de vacunaci\u00f3n contra fiebre amarilla las personas que en su trayectoria hacia Costa Rica hayan estado en tr\u00e1nsito por pa\u00edses en riesgo, en aeropuertos, puertos y puestos inter fronterizos de los pa\u00edses de riesgo.<\/p>\n<p style=\"font-weight: 400;\">Tambi\u00e9n quedan exentas del requisito de vacunaci\u00f3n las personas que habiendo estado en los pa\u00edses considerados de riesgo, antes de ingresar en el territorio nacional han permanecido por espacio de al menos 6 d\u00edas, en un pa\u00eds que no es de riesgo y no han desarrollado fiebre en ese per\u00edodo.<\/p>\n<h4 style=\"font-weight: bold; color: #87824f;\"><span style=\"color: #993366;\">Los pa\u00edses de riesgo son:<\/span><\/h4>\n<p style=\"font-weight: 400;\"><strong>En \u00c1frica:<\/strong>\u00a0Angola, Benin, Burkina Faso, Burundi, Camer\u00fan, Rep\u00fablica de \u00c1frica Central, Chad, Rep\u00fablica del Congo, Rep\u00fablica Democr\u00e1tica del Congo, Costa de Marfil, Eritrea, Etiop\u00eda, Gab\u00f3n, Gambia, Ghana, Guinea, Guinea Ecuatorial, Kenia, Liberia, Mal\u00ed, Mauritania, N\u00edger, Nigeria, Senegal, Sierra Leona, Somalia, Sud\u00e1n, Sud\u00e1n del Sur, Santo Tom\u00e9 y Pr\u00edncipe, Tanzania, Togo, Uganda y Zambia.<\/p>\n<p style=\"font-weight: 400;\"><strong>En Am\u00e9rica:<\/strong>\u00a0Bolivia, Brasil, Colombia, Ecuador, Per\u00fa, Venezuela, Guyana Francesa y Trinidad y Tobago.<\/p>\n<\/p>\n<\/div>\n<\/div>\n<div class=\"pp_accordion_close has_icon\">\n<h3><a href=\"#\">Otra informaci\u00f3n relevante<\/a><\/h3>\n<div>\n<p><b>N\u00fameros de tel\u00e9fono importantes<\/b><\/p>\n<p><span class=\"Apple-converted-space\">\u00a0<\/span>C\u00f3digo de marcaci\u00f3n internacional para Costa Rica: +506.<span class=\"Apple-converted-space\">\u00a0<\/span><\/p>\n<p>En Costa Rica no hay c\u00f3digo de ciudad y todos los n\u00fameros de tel\u00e9fono tienen 7 cifras.<\/p>\n<p>El c\u00f3digo de acceso para Costa Rica es 506 y el c\u00f3digo de salida es 00 seguido del c\u00f3digo del pa\u00eds al que quieras llamar.<span class=\"Apple-converted-space\">\u00a0<\/span><\/p>\n<p>Costa Rica se encuentra en la zona horaria GMT -6.\u00a0Los n\u00fameros de tel\u00e9fono importantes en Costa Rica son:<\/p>\n<p>911 Emergencias<\/p>\n<p>1113 Informaci\u00f3n. Es 24 horas y le ayuda a encontrar el n\u00famero de tel\u00e9fono de la\u00a0persona al a que quiere llamar<\/p>\n<p>1116 Cobro revertido internacional<\/p>\n<p>1117 Polic\u00eda<\/p>\n<p>1118 Departamento de bomberos y param\u00e9dicos<\/p>\n<p>1128 Ambulancias<\/p>\n<p>1123 Compa\u00f1\u00eda el\u00e9ctrica<\/p>\n<p>1128 Cruz Roja<\/p>\n<p>441-0744 Informaci\u00f3n del aeropuerto<\/p>\n<\/div>\n<\/div>\n<\/div>\n<\/div>\n<\/div>\n<\/div>\n<\/div>\n<div  class=\"one withsmallpadding ppb_countdown_image parallax withbg \" style=\"background-image:url(http:\/\/an.captcha.com.co\/wp-content\/uploads\/2019\/04\/san-jose-costa-rica.jpg);background-position: center top;text-align:center;padding:40px 0 40px 0;\" >\n<div class=\"standard_wrapper\">\n<div class=\"page_content_wrapper\">\n<div class=\"inner\">\n<div style=\"margin:auto;width:100%\">\n<h2 class=\"ppb_title\" style=\";text-align:center;\">Faltan:<\/h2>\n<div class=\"ppb_header_content\">\n<div id=\"clock15730029381122824493\" data-date=\"2019-11-18\"><\/div>\n<\/div>\n<\/div>\n<\/div>\n<\/div>\n<\/div>\n<\/div>\n<div  class=\"one withsmallpadding ppb_text\" style=\"text-align:left;padding:40px 0 40px 0;\" >\n<div class=\"standard_wrapper\">\n<div class=\"page_content_wrapper\">\n<div class=\"inner\">\n<div style=\"margin:auto;width:100%\">\n<div class=\"one_half \" style=\"\"><\/div>\n<h5 class=\"space\">Ubicaci\u00f3n<\/h5>\n<p><iframe loading=\"lazy\" style=\"border: 0;\" src=\"https:\/\/www.google.com\/maps\/embed?pb=!1m18!1m12!1m3!1d3929.8558914395107!2d-84.1560378857183!3d9.945945976692832!2m3!1f0!2f0!3f0!3m2!1i1024!2i768!4f13.1!3m3!1m2!1s0x8fa0fb85fe14048d%3A0xa7b0009c0b27b80b!2sHotel+InterContinental!5e0!3m2!1ses!2sco!4v1557323053410!5m2!1ses!2sco\" width=\"1300\" height=\"450\" frameborder=\"0\" allowfullscreen=\"allowfullscreen\"><\/iframe><\/p>\n<\/div>\n<\/div>\n<\/div>\n<\/div>\n<\/div>\n","protected":false},"excerpt":{"rendered":"<p>Le extendemos la m\u00e1s cordial invitaci\u00f3n a formar parte de la XXI Conferencia Regional de Cooperativas de las Am\u00e9ricas y del 50 Congreso Continental de Derecho Cooperativo, que se llevar\u00e1n a cabo seguidamente en San Jos\u00e9 Costa Rica del 18 [&hellip;]<\/p>\n","protected":false},"author":2,"featured_media":1063,"parent":0,"menu_order":0,"comment_status":"closed","ping_status":"closed","template":"","meta":{"footnotes":""},"class_list":["post-618","page","type-page","status-publish","has-post-thumbnail","hentry"],"_links":{"self":[{"href":"https:\/\/www.aciamericas.coop\/xxiconferencia\/wp-json\/wp\/v2\/pages\/618"}],"collection":[{"href":"https:\/\/www.aciamericas.coop\/xxiconferencia\/wp-json\/wp\/v2\/pages"}],"about":[{"href":"https:\/\/www.aciamericas.coop\/xxiconferencia\/wp-json\/wp\/v2\/types\/page"}],"author":[{"embeddable":true,"href":"https:\/\/www.aciamericas.coop\/xxiconferencia\/wp-json\/wp\/v2\/users\/2"}],"replies":[{"embeddable":true,"href":"https:\/\/www.aciamericas.coop\/xxiconferencia\/wp-json\/wp\/v2\/comments?post=618"}],"version-history":[{"count":253,"href":"https:\/\/www.aciamericas.coop\/xxiconferencia\/wp-json\/wp\/v2\/pages\/618\/revisions"}],"predecessor-version":[{"id":1619,"href":"https:\/\/www.aciamericas.coop\/xxiconferencia\/wp-json\/wp\/v2\/pages\/618\/revisions\/1619"}],"wp:featuredmedia":[{"embeddable":true,"href":"https:\/\/www.aciamericas.coop\/xxiconferencia\/wp-json\/wp\/v2\/media\/1063"}],"wp:attachment":[{"href":"https:\/\/www.aciamericas.coop\/xxiconferencia\/wp-json\/wp\/v2\/media?parent=618"}],"curies":[{"name":"wp","href":"https:\/\/api.w.org\/{rel}","templated":true}]}}